{"id":1794,"date":"2025-06-03T12:10:54","date_gmt":"2025-06-03T12:10:54","guid":{"rendered":"https:\/\/ofsip.lu\/?page_id=1794"},"modified":"2025-09-04T07:39:23","modified_gmt":"2025-09-04T07:39:23","slug":"travailleur-designe","status":"publish","type":"page","link":"https:\/\/ofsip.lu\/en\/travailleur-designe\/","title":{"rendered":"External designated worker"},"content":{"rendered":"<div data-elementor-type=\"wp-page\" data-elementor-id=\"1794\" class=\"elementor elementor-1794\" data-elementor-post-type=\"page\">\n\t\t\t\t<div class=\"elementor-element elementor-element-686595a e-flex e-con-boxed e-con e-parent\" data-id=\"686595a\" data-element_type=\"container\" data-settings=\"{&quot;background_background&quot;:&quot;classic&quot;}\">\n\t\t\t\t\t<div class=\"e-con-inner\">\n\t\t<div class=\"elementor-element elementor-element-e11fa40 e-con-full e-flex e-con e-child\" data-id=\"e11fa40\" data-element_type=\"container\">\n\t\t\t\t<div class=\"elementor-element elementor-element-0aa1cf0 elementor-widget elementor-widget-heading\" data-id=\"0aa1cf0\" data-element_type=\"widget\" data-widget_type=\"heading.default\">\n\t\t\t\t<div class=\"elementor-widget-container\">\n\t\t\t\t\t<h1 class=\"elementor-heading-title elementor-size-default\">External designated worker<\/h1>\t\t\t\t<\/div>\n\t\t\t\t<\/div>\n\t\t\t\t<\/div>\n\t\t\t\t\t<\/div>\n\t\t\t\t<\/div>\n\t\t<div class=\"elementor-element elementor-element-b36169a e-flex e-con-boxed e-con e-parent\" data-id=\"b36169a\" data-element_type=\"container\">\n\t\t\t\t\t<div class=\"e-con-inner\">\n\t\t<div class=\"elementor-element elementor-element-1b845df e-con-full e-flex e-con e-child\" data-id=\"1b845df\" data-element_type=\"container\">\n\t\t\t\t<div class=\"elementor-element elementor-element-48b323b elementor-widget elementor-widget-text-editor\" data-id=\"48b323b\" data-element_type=\"widget\" data-widget_type=\"text-editor.default\">\n\t\t\t\t<div class=\"elementor-widget-container\">\n\t\t\t\t\t\t\t\t\t<h4 style=\"caret-color: #000000; color: #000000;\" data-start=\"1548\" data-end=\"1623\">Ce que nous faisons pour vous<\/h4><h4 style=\"caret-color: #000000; color: #000000;\" data-start=\"1625\" data-end=\"1654\">1. Diagnostic initial<\/h4><h4 style=\"caret-color: #000000; color: #000000;\" data-start=\"1783\" data-end=\"1816\">2. Planification annuelle<\/h4><h4 style=\"caret-color: #000000; color: #000000;\" data-start=\"1959\" data-end=\"1991\">3. Interventions terrain<\/h4><h4 style=\"caret-color: #000000; color: #000000;\" data-start=\"1959\" data-end=\"1991\"><span style=\"font-family: var( --e-global-typography-primary-font-family ), Sans-serif; font-size: 1.5rem; text-align: var(--text-align);\">4. Suivi, reporting et pilotage<\/span><span style=\"font-family: var( --e-global-typography-primary-font-family ), Sans-serif; font-size: 1.75rem; text-align: var(--text-align);\">\u00a0<\/span><\/h4><h3 style=\"caret-color: #000000; color: #000000;\" data-start=\"2368\" data-end=\"2401\">\u00a0<\/h3>\t\t\t\t\t\t\t\t<\/div>\n\t\t\t\t<\/div>\n\t\t\t\t<\/div>\n\t\t\t\t<div class=\"elementor-element elementor-element-4b04079 elementor-widget elementor-widget-text-editor\" data-id=\"4b04079\" data-element_type=\"widget\" data-widget_type=\"text-editor.default\">\n\t\t\t\t<div class=\"elementor-widget-container\">\n\t\t\t\t\t\t\t\t\t<h3 style=\"caret-color: #000000; color: #000000;\" data-start=\"347\" data-end=\"395\">Une obligation l\u00e9gale, une solution concr\u00e8te<\/h3><p style=\"caret-color: #000000; color: #000000;\" data-start=\"397\" data-end=\"709\">Au Luxembourg,\u00a0<strong data-start=\"412\" data-end=\"502\">d\u00e9signer un ou plusieurs travailleurs charg\u00e9s de la s\u00e9curit\u00e9 et de la sant\u00e9 au travail<\/strong>\u00a0est une obligation l\u00e9gale, d\u00e9finie par le\u00a0<strong data-start=\"545\" data-end=\"585\">r\u00e8glement grand-ducal du 9 juin 2006<\/strong>. Cette obligation concerne\u00a0<strong data-start=\"613\" data-end=\"639\">toutes les entreprises<\/strong>, quels que soient leur taille, leur secteur ou leur niveau de risque.<\/p><p style=\"caret-color: #000000; color: #000000;\" data-start=\"711\" data-end=\"947\">Lorsque l\u2019entreprise ne dispose pas de salari\u00e9 comp\u00e9tent ou disponible pour assurer cette mission,\u00a0<strong data-start=\"813\" data-end=\"874\">la loi pr\u00e9voit express\u00e9ment la possibilit\u00e9 d\u2019externaliser<\/strong>\u00a0cette fonction.<br data-start=\"890\" data-end=\"893\" \/><strong data-start=\"893\" data-end=\"947\">C\u2019est exactement ce que nous proposons chez OFSIP.<\/strong><\/p><h3 style=\"caret-color: #000000; color: #000000;\" data-start=\"954\" data-end=\"1026\">\u00a0<\/h3>\t\t\t\t\t\t\t\t<\/div>\n\t\t\t\t<\/div>\n\t\t\t\t\t<\/div>\n\t\t\t\t<\/div>\n\t\t<div class=\"elementor-element elementor-element-1371897 e-flex e-con-boxed e-con e-parent\" data-id=\"1371897\" data-element_type=\"container\">\n\t\t\t\t\t<div class=\"e-con-inner\">\n\t\t<div class=\"elementor-element elementor-element-25b8fc3 e-con-full e-flex e-con e-child\" data-id=\"25b8fc3\" data-element_type=\"container\">\n\t\t\t\t<div class=\"elementor-element elementor-element-2c6c541 elementor-widget elementor-widget-image\" data-id=\"2c6c541\" data-element_type=\"widget\" data-widget_type=\"image.default\">\n\t\t\t\t<div class=\"elementor-widget-container\">\n\t\t\t\t\t\t\t\t\t\t\t\t\t\t\t<img fetchpriority=\"high\" decoding=\"async\" width=\"800\" height=\"400\" src=\"https:\/\/ofsip.lu\/wp-content\/uploads\/2025\/07\/Travailleur-Designe-1024x512.png\" class=\"attachment-large size-large wp-image-1999\" alt=\"\" srcset=\"https:\/\/ofsip.lu\/wp-content\/uploads\/2025\/07\/Travailleur-Designe-1024x512.png 1024w, https:\/\/ofsip.lu\/wp-content\/uploads\/2025\/07\/Travailleur-Designe-300x150.png 300w, https:\/\/ofsip.lu\/wp-content\/uploads\/2025\/07\/Travailleur-Designe-768x384.png 768w, https:\/\/ofsip.lu\/wp-content\/uploads\/2025\/07\/Travailleur-Designe-1536x768.png 1536w, https:\/\/ofsip.lu\/wp-content\/uploads\/2025\/07\/Travailleur-Designe-18x9.png 18w, https:\/\/ofsip.lu\/wp-content\/uploads\/2025\/07\/Travailleur-Designe.png 1920w\" sizes=\"(max-width: 800px) 100vw, 800px\" \/>\t\t\t\t\t\t\t\t\t\t\t\t\t\t\t<\/div>\n\t\t\t\t<\/div>\n\t\t\t\t<\/div>\n\t\t<div class=\"elementor-element elementor-element-361c19c e-con-full e-flex e-con e-child\" data-id=\"361c19c\" data-element_type=\"container\">\n\t\t\t\t<div class=\"elementor-element elementor-element-4d84565 elementor-widget elementor-widget-text-editor\" data-id=\"4d84565\" data-element_type=\"widget\" data-widget_type=\"text-editor.default\">\n\t\t\t\t<div class=\"elementor-widget-container\">\n\t\t\t\t\t\t\t\t\t<h3 style=\"caret-color: #000000; color: #000000;\" data-start=\"2368\" data-end=\"2401\">Un cadre clair et s\u00e9curis\u00e9<\/h3><ul style=\"caret-color: #000000; color: #000000;\" data-start=\"2403\" data-end=\"2583\"><li data-start=\"2403\" data-end=\"2440\"><p data-start=\"2405\" data-end=\"2440\"><strong data-start=\"2405\" data-end=\"2440\">Contrat de prestation formalis\u00e9<\/strong><\/p><\/li><li data-start=\"2441\" data-end=\"2500\"><p data-start=\"2443\" data-end=\"2500\"><strong data-start=\"2443\" data-end=\"2477\">Attestation de carence interne<\/strong>\u00a0int\u00e9gr\u00e9e si n\u00e9cessaire<\/p><\/li><li data-start=\"2501\" data-end=\"2540\"><p data-start=\"2503\" data-end=\"2540\">Respect strict du cadre r\u00e9glementaire<\/p><\/li><li data-start=\"2541\" data-end=\"2583\"><p data-start=\"2543\" data-end=\"2583\">Confidentialit\u00e9, neutralit\u00e9 et p\u00e9dagogie<\/p><\/li><\/ul>\t\t\t\t\t\t\t\t<\/div>\n\t\t\t\t<\/div>\n\t\t\t\t<\/div>\n\t\t\t\t\t<\/div>\n\t\t\t\t<\/div>\n\t\t\t\t<section class=\"elementor-section elementor-top-section elementor-element elementor-element-b683c15 elementor-section-boxed elementor-section-height-default elementor-section-height-default\" data-id=\"b683c15\" data-element_type=\"section\" data-settings=\"{&quot;mdp_selection_sticky_effect_enable&quot;:false}\">\n\t\t\t\t\t\t<div class=\"elementor-container elementor-column-gap-no\">\n\t\t\t\t\t<div class=\"elementor-column elementor-col-100 elementor-top-column elementor-element elementor-element-aee7781\" data-id=\"aee7781\" data-element_type=\"column\" data-settings=\"{&quot;mdp_selection_sticky_column_effect_enable&quot;:false}\">\n\t\t\t<div class=\"elementor-widget-wrap\">\n\t\t\t\t\t\t\t<\/div>\n\t\t<\/div>\n\t\t\t\t\t<\/div>\n\t\t<\/section>\n\t\t<div class=\"elementor-element elementor-element-d7e1c08 e-flex e-con-boxed e-con e-parent\" data-id=\"d7e1c08\" data-element_type=\"container\">\n\t\t\t\t\t<div class=\"e-con-inner\">\n\t\t\t\t<div class=\"elementor-element elementor-element-4848425 elementor-align-center elementor-widget elementor-widget-button\" data-id=\"4848425\" data-element_type=\"widget\" data-widget_type=\"button.default\">\n\t\t\t\t<div class=\"elementor-widget-container\">\n\t\t\t\t\t\t\t\t\t<div class=\"elementor-button-wrapper\">\n\t\t\t\t\t<a class=\"elementor-button elementor-button-link elementor-size-sm\" href=\"https:\/\/ofsip-sarl.reservio.com\">\n\t\t\t\t\t\t<span class=\"elementor-button-content-wrapper\">\n\t\t\t\t\t\t\t\t\t<span class=\"elementor-button-text\">prendre un rendez-vous<\/span>\n\t\t\t\t\t<\/span>\n\t\t\t\t\t<\/a>\n\t\t\t\t<\/div>\n\t\t\t\t\t\t\t\t<\/div>\n\t\t\t\t<\/div>\n\t\t\t\t<div class=\"elementor-element elementor-element-56117f3 elementor-align-center elementor-widget elementor-widget-button\" data-id=\"56117f3\" data-element_type=\"widget\" data-widget_type=\"button.default\">\n\t\t\t\t<div class=\"elementor-widget-container\">\n\t\t\t\t\t\t\t\t\t<div class=\"elementor-button-wrapper\">\n\t\t\t\t\t<a class=\"elementor-button elementor-button-link elementor-size-sm\" href=\"https:\/\/ofsip.lu\/en\/contact\/\">\n\t\t\t\t\t\t<span class=\"elementor-button-content-wrapper\">\n\t\t\t\t\t\t\t\t\t<span class=\"elementor-button-text\">contact<\/span>\n\t\t\t\t\t<\/span>\n\t\t\t\t\t<\/a>\n\t\t\t\t<\/div>\n\t\t\t\t\t\t\t\t<\/div>\n\t\t\t\t<\/div>\n\t\t\t\t\t<\/div>\n\t\t\t\t<\/div>\n\t\t\t\t<\/div>","protected":false},"excerpt":{"rendered":"<p>Travailleur d\u00e9sign\u00e9 externe Ce que nous faisons pour vous 1. Diagnostic initial 2. Planification annuelle 3. Interventions terrain 4. Suivi, reporting et pilotage\u00a0 \u00a0 Une obligation l\u00e9gale, une solution concr\u00e8te Au Luxembourg,\u00a0d\u00e9signer un ou plusieurs travailleurs charg\u00e9s de la s\u00e9curit\u00e9 et de la sant\u00e9 au travail\u00a0est une obligation l\u00e9gale, d\u00e9finie par le\u00a0r\u00e8glement grand-ducal du 9 [&hellip;]<\/p>","protected":false},"author":1,"featured_media":0,"parent":0,"menu_order":0,"comment_status":"closed","ping_status":"closed","template":"","meta":{"footnotes":""},"class_list":["post-1794","page","type-page","status-publish","hentry"],"yoast_head":"<!-- This site is optimized with the Yoast SEO plugin v25.4 - https:\/\/yoast.com\/wordpress\/plugins\/seo\/ -->\n<title>Travailleur D\u00e9sign\u00e9 Externe Luxembourg | OFSIP<\/title>\n<meta name=\"description\" content=\"OFSIP propose un service de Travailleur D\u00e9sign\u00e9 Externe au Luxembourg. Externalisez vos obligations l\u00e9gales SST avec un expert certifi\u00e9 et r\u00e9actif.\" \/>\n<meta name=\"robots\" content=\"index, follow, max-snippet:-1, max-image-preview:large, max-video-preview:-1\" \/>\n<link rel=\"canonical\" href=\"https:\/\/ofsip.lu\/en\/travailleur-designe\/\" \/>\n<meta property=\"og:locale\" content=\"en_GB\" \/>\n<meta property=\"og:type\" content=\"article\" \/>\n<meta property=\"og:title\" content=\"Travailleur D\u00e9sign\u00e9 Externe Luxembourg | OFSIP\" \/>\n<meta property=\"og:description\" content=\"OFSIP propose un service de Travailleur D\u00e9sign\u00e9 Externe au Luxembourg. Externalisez vos obligations l\u00e9gales SST avec un expert certifi\u00e9 et r\u00e9actif.\" \/>\n<meta property=\"og:url\" content=\"https:\/\/ofsip.lu\/en\/travailleur-designe\/\" \/>\n<meta property=\"og:site_name\" content=\"OFSIP\" \/>\n<meta property=\"article:modified_time\" content=\"2025-09-04T07:39:23+00:00\" \/>\n<meta property=\"og:image\" content=\"https:\/\/ofsip.lu\/wp-content\/uploads\/2025\/07\/Travailleur-Designe-1024x512.png\" \/>\n<meta name=\"twitter:card\" content=\"summary_large_image\" \/>\n<meta name=\"twitter:label1\" content=\"Estimated reading time\" \/>\n\t<meta name=\"twitter:data1\" content=\"1 minute\" \/>\n<script type=\"application\/ld+json\" class=\"yoast-schema-graph\">{\"@context\":\"https:\/\/schema.org\",\"@graph\":[{\"@type\":\"WebPage\",\"@id\":\"https:\/\/ofsip.lu\/travailleur-designe\/\",\"url\":\"https:\/\/ofsip.lu\/travailleur-designe\/\",\"name\":\"Travailleur D\u00e9sign\u00e9 Externe Luxembourg | OFSIP\",\"isPartOf\":{\"@id\":\"https:\/\/ofsip.lu\/#website\"},\"primaryImageOfPage\":{\"@id\":\"https:\/\/ofsip.lu\/travailleur-designe\/#primaryimage\"},\"image\":{\"@id\":\"https:\/\/ofsip.lu\/travailleur-designe\/#primaryimage\"},\"thumbnailUrl\":\"https:\/\/ofsip.lu\/wp-content\/uploads\/2025\/07\/Travailleur-Designe-1024x512.png\",\"datePublished\":\"2025-06-03T12:10:54+00:00\",\"dateModified\":\"2025-09-04T07:39:23+00:00\",\"description\":\"OFSIP propose un service de Travailleur D\u00e9sign\u00e9 Externe au Luxembourg. Externalisez vos obligations l\u00e9gales SST avec un expert certifi\u00e9 et r\u00e9actif.\",\"breadcrumb\":{\"@id\":\"https:\/\/ofsip.lu\/travailleur-designe\/#breadcrumb\"},\"inLanguage\":\"en-GB\",\"potentialAction\":[{\"@type\":\"ReadAction\",\"target\":[\"https:\/\/ofsip.lu\/travailleur-designe\/\"]}]},{\"@type\":\"ImageObject\",\"inLanguage\":\"en-GB\",\"@id\":\"https:\/\/ofsip.lu\/travailleur-designe\/#primaryimage\",\"url\":\"https:\/\/ofsip.lu\/wp-content\/uploads\/2025\/07\/Travailleur-Designe-1024x512.png\",\"contentUrl\":\"https:\/\/ofsip.lu\/wp-content\/uploads\/2025\/07\/Travailleur-Designe-1024x512.png\"},{\"@type\":\"BreadcrumbList\",\"@id\":\"https:\/\/ofsip.lu\/travailleur-designe\/#breadcrumb\",\"itemListElement\":[{\"@type\":\"ListItem\",\"position\":1,\"name\":\"Home\",\"item\":\"https:\/\/ofsip.lu\/\"},{\"@type\":\"ListItem\",\"position\":2,\"name\":\"Travailleur d\u00e9sign\u00e9 externe\"}]},{\"@type\":\"WebSite\",\"@id\":\"https:\/\/ofsip.lu\/#website\",\"url\":\"https:\/\/ofsip.lu\/\",\"name\":\"OFSIP\",\"description\":\"S\u00e9curiser l&#039;humain, renforcer l&#039;entreprise\",\"publisher\":{\"@id\":\"https:\/\/ofsip.lu\/#organization\"},\"potentialAction\":[{\"@type\":\"SearchAction\",\"target\":{\"@type\":\"EntryPoint\",\"urlTemplate\":\"https:\/\/ofsip.lu\/?s={search_term_string}\"},\"query-input\":{\"@type\":\"PropertyValueSpecification\",\"valueRequired\":true,\"valueName\":\"search_term_string\"}}],\"inLanguage\":\"en-GB\"},{\"@type\":\"Organization\",\"@id\":\"https:\/\/ofsip.lu\/#organization\",\"name\":\"OFSIP\",\"url\":\"https:\/\/ofsip.lu\/\",\"logo\":{\"@type\":\"ImageObject\",\"inLanguage\":\"en-GB\",\"@id\":\"https:\/\/ofsip.lu\/#\/schema\/logo\/image\/\",\"url\":\"https:\/\/ofsip.lu\/wp-content\/uploads\/2025\/07\/Logo-OFSIP-Color-sans-detail.png\",\"contentUrl\":\"https:\/\/ofsip.lu\/wp-content\/uploads\/2025\/07\/Logo-OFSIP-Color-sans-detail.png\",\"width\":486,\"height\":460,\"caption\":\"OFSIP\"},\"image\":{\"@id\":\"https:\/\/ofsip.lu\/#\/schema\/logo\/image\/\"}}]}<\/script>\n<!-- \/ Yoast SEO plugin. -->","yoast_head_json":{"title":"Travailleur D\u00e9sign\u00e9 Externe Luxembourg | OFSIP","description":"OFSIP propose un service de Travailleur D\u00e9sign\u00e9 Externe au Luxembourg. Externalisez vos obligations l\u00e9gales SST avec un expert certifi\u00e9 et r\u00e9actif.","robots":{"index":"index","follow":"follow","max-snippet":"max-snippet:-1","max-image-preview":"max-image-preview:large","max-video-preview":"max-video-preview:-1"},"canonical":"https:\/\/ofsip.lu\/en\/travailleur-designe\/","og_locale":"en_GB","og_type":"article","og_title":"Travailleur D\u00e9sign\u00e9 Externe Luxembourg | OFSIP","og_description":"OFSIP propose un service de Travailleur D\u00e9sign\u00e9 Externe au Luxembourg. Externalisez vos obligations l\u00e9gales SST avec un expert certifi\u00e9 et r\u00e9actif.","og_url":"https:\/\/ofsip.lu\/en\/travailleur-designe\/","og_site_name":"OFSIP","article_modified_time":"2025-09-04T07:39:23+00:00","og_image":[{"url":"https:\/\/ofsip.lu\/wp-content\/uploads\/2025\/07\/Travailleur-Designe-1024x512.png","type":"","width":"","height":""}],"twitter_card":"summary_large_image","twitter_misc":{"Estimated reading time":"1 minute"},"schema":{"@context":"https:\/\/schema.org","@graph":[{"@type":"WebPage","@id":"https:\/\/ofsip.lu\/travailleur-designe\/","url":"https:\/\/ofsip.lu\/travailleur-designe\/","name":"Travailleur D\u00e9sign\u00e9 Externe Luxembourg | OFSIP","isPartOf":{"@id":"https:\/\/ofsip.lu\/#website"},"primaryImageOfPage":{"@id":"https:\/\/ofsip.lu\/travailleur-designe\/#primaryimage"},"image":{"@id":"https:\/\/ofsip.lu\/travailleur-designe\/#primaryimage"},"thumbnailUrl":"https:\/\/ofsip.lu\/wp-content\/uploads\/2025\/07\/Travailleur-Designe-1024x512.png","datePublished":"2025-06-03T12:10:54+00:00","dateModified":"2025-09-04T07:39:23+00:00","description":"OFSIP propose un service de Travailleur D\u00e9sign\u00e9 Externe au Luxembourg. Externalisez vos obligations l\u00e9gales SST avec un expert certifi\u00e9 et r\u00e9actif.","breadcrumb":{"@id":"https:\/\/ofsip.lu\/travailleur-designe\/#breadcrumb"},"inLanguage":"en-GB","potentialAction":[{"@type":"ReadAction","target":["https:\/\/ofsip.lu\/travailleur-designe\/"]}]},{"@type":"ImageObject","inLanguage":"en-GB","@id":"https:\/\/ofsip.lu\/travailleur-designe\/#primaryimage","url":"https:\/\/ofsip.lu\/wp-content\/uploads\/2025\/07\/Travailleur-Designe-1024x512.png","contentUrl":"https:\/\/ofsip.lu\/wp-content\/uploads\/2025\/07\/Travailleur-Designe-1024x512.png"},{"@type":"BreadcrumbList","@id":"https:\/\/ofsip.lu\/travailleur-designe\/#breadcrumb","itemListElement":[{"@type":"ListItem","position":1,"name":"Home","item":"https:\/\/ofsip.lu\/"},{"@type":"ListItem","position":2,"name":"Travailleur d\u00e9sign\u00e9 externe"}]},{"@type":"WebSite","@id":"https:\/\/ofsip.lu\/#website","url":"https:\/\/ofsip.lu\/","name":"OFSIP","description":"S\u00e9curiser l&#039;humain, renforcer l&#039;entreprise","publisher":{"@id":"https:\/\/ofsip.lu\/#organization"},"potentialAction":[{"@type":"SearchAction","target":{"@type":"EntryPoint","urlTemplate":"https:\/\/ofsip.lu\/?s={search_term_string}"},"query-input":{"@type":"PropertyValueSpecification","valueRequired":true,"valueName":"search_term_string"}}],"inLanguage":"en-GB"},{"@type":"Organization","@id":"https:\/\/ofsip.lu\/#organization","name":"OFSIP","url":"https:\/\/ofsip.lu\/","logo":{"@type":"ImageObject","inLanguage":"en-GB","@id":"https:\/\/ofsip.lu\/#\/schema\/logo\/image\/","url":"https:\/\/ofsip.lu\/wp-content\/uploads\/2025\/07\/Logo-OFSIP-Color-sans-detail.png","contentUrl":"https:\/\/ofsip.lu\/wp-content\/uploads\/2025\/07\/Logo-OFSIP-Color-sans-detail.png","width":486,"height":460,"caption":"OFSIP"},"image":{"@id":"https:\/\/ofsip.lu\/#\/schema\/logo\/image\/"}}]}},"jetpack_sharing_enabled":true,"_links":{"self":[{"href":"https:\/\/ofsip.lu\/en\/wp-json\/wp\/v2\/pages\/1794","targetHints":{"allow":["GET"]}}],"collection":[{"href":"https:\/\/ofsip.lu\/en\/wp-json\/wp\/v2\/pages"}],"about":[{"href":"https:\/\/ofsip.lu\/en\/wp-json\/wp\/v2\/types\/page"}],"author":[{"embeddable":true,"href":"https:\/\/ofsip.lu\/en\/wp-json\/wp\/v2\/users\/1"}],"replies":[{"embeddable":true,"href":"https:\/\/ofsip.lu\/en\/wp-json\/wp\/v2\/comments?post=1794"}],"version-history":[{"count":14,"href":"https:\/\/ofsip.lu\/en\/wp-json\/wp\/v2\/pages\/1794\/revisions"}],"predecessor-version":[{"id":2749,"href":"https:\/\/ofsip.lu\/en\/wp-json\/wp\/v2\/pages\/1794\/revisions\/2749"}],"wp:attachment":[{"href":"https:\/\/ofsip.lu\/en\/wp-json\/wp\/v2\/media?parent=1794"}],"curies":[{"name":"wp","href":"https:\/\/api.w.org\/{rel}","templated":true}]}}