{"id":1799,"date":"2025-06-03T12:11:54","date_gmt":"2025-06-03T12:11:54","guid":{"rendered":"https:\/\/ofsip.lu\/?page_id=1799"},"modified":"2025-07-15T12:10:46","modified_gmt":"2025-07-15T12:10:46","slug":"audit-prevention-des-tms-optimisation-des-postes-de-travail","status":"publish","type":"page","link":"https:\/\/ofsip.lu\/en\/accompagnement-et-prestations\/audit-prevention-des-tms-optimisation-des-postes-de-travail\/","title":{"rendered":"MSD prevention audit (workstation optimisation)"},"content":{"rendered":"<div data-elementor-type=\"wp-page\" data-elementor-id=\"1799\" class=\"elementor elementor-1799\" data-elementor-post-type=\"page\">\n\t\t\t\t<div class=\"elementor-element elementor-element-143ef17 e-flex e-con-boxed e-con e-parent\" data-id=\"143ef17\" data-element_type=\"container\" data-settings=\"{&quot;background_background&quot;:&quot;classic&quot;}\">\n\t\t\t\t\t<div class=\"e-con-inner\">\n\t\t<div class=\"elementor-element elementor-element-142d4ba e-con-full e-flex e-con e-child\" data-id=\"142d4ba\" data-element_type=\"container\" data-settings=\"{&quot;background_background&quot;:&quot;gradient&quot;}\">\n\t\t\t\t<div class=\"elementor-element elementor-element-fab1dff elementor-widget elementor-widget-heading\" data-id=\"fab1dff\" data-element_type=\"widget\" data-widget_type=\"heading.default\">\n\t\t\t\t<div class=\"elementor-widget-container\">\n\t\t\t\t\t<h1 class=\"elementor-heading-title elementor-size-default\">MSD prevention audit (workstation optimisation)\n<\/h1>\t\t\t\t<\/div>\n\t\t\t\t<\/div>\n\t\t\t\t<\/div>\n\t\t\t\t\t<\/div>\n\t\t\t\t<\/div>\n\t\t\t\t<section class=\"elementor-section elementor-top-section elementor-element elementor-element-a069b9b elementor-section-boxed elementor-section-height-default elementor-section-height-default\" data-id=\"a069b9b\" data-element_type=\"section\" data-settings=\"{&quot;mdp_selection_sticky_effect_enable&quot;:false}\">\n\t\t\t\t\t\t<div class=\"elementor-container elementor-column-gap-no\">\n\t\t\t\t\t<div class=\"elementor-column elementor-col-100 elementor-top-column elementor-element elementor-element-ba14b53\" data-id=\"ba14b53\" data-element_type=\"column\" data-settings=\"{&quot;mdp_selection_sticky_column_effect_enable&quot;:false}\">\n\t\t\t<div class=\"elementor-widget-wrap elementor-element-populated\">\n\t\t\t\t\t\t<div class=\"elementor-element elementor-element-7d0b34c elementor-widget elementor-widget-text-editor\" data-id=\"7d0b34c\" data-element_type=\"widget\" data-widget_type=\"text-editor.default\">\n\t\t\t\t<div class=\"elementor-widget-container\">\n\t\t\t\t\t\t\t\t\t<h3 style=\"caret-color: #000000; color: #000000;\" data-start=\"199\" data-end=\"288\">Identifiez, analysez et agissez durablement contre les troubles musculo-squelettiques<\/h3>\n<p style=\"caret-color: #000000; color: #000000;\" data-start=\"290\" data-end=\"675\">Chez&nbsp;<strong data-start=\"295\" data-end=\"304\">OFSIP<\/strong>, nous sommes convaincus que la performance passe par la pr\u00e9vention. Les troubles musculo-squelettiques (TMS) repr\u00e9sentent aujourd\u2019hui la premi\u00e8re cause de maladies professionnelles. Pourtant, ils ne sont ni une fatalit\u00e9\u2026 ni une obligation. Notre&nbsp;<strong data-start=\"551\" data-end=\"575\">audit pr\u00e9vention TMS<\/strong>&nbsp;vous permet d\u2019agir concr\u00e8tement pour la sant\u00e9 de vos \u00e9quipes et l\u2019efficacit\u00e9 de votre organisation.<\/p>\n<h3 style=\"caret-color: #000000; color: #000000;\" data-start=\"682\" data-end=\"715\"><br><\/h3>\n<h3 style=\"caret-color: #000000; color: #000000;\" data-start=\"682\" data-end=\"715\">Objectifs de l\u2019audit TMS :<\/h3>\n<ul style=\"caret-color: #000000; color: #000000;\" data-start=\"716\" data-end=\"1103\">\n<li data-start=\"716\" data-end=\"783\">\n<p data-start=\"718\" data-end=\"783\"><strong data-start=\"718\" data-end=\"732\">Identifier<\/strong>&nbsp;les situations \u00e0 risque dans vos postes de travail<\/p>\n<\/li>\n<li data-start=\"784\" data-end=\"852\">\n<p data-start=\"786\" data-end=\"852\"><strong data-start=\"786\" data-end=\"798\">Analyser<\/strong>&nbsp;les gestes, postures et contraintes physiques r\u00e9elles<\/p>\n<\/li>\n<li data-start=\"853\" data-end=\"917\">\n<p data-start=\"855\" data-end=\"917\"><strong data-start=\"855\" data-end=\"867\">Proposer<\/strong>&nbsp;des solutions concr\u00e8tes, adapt\u00e9es \u00e0 vos activit\u00e9s<\/p>\n<\/li>\n<li data-start=\"918\" data-end=\"995\">\n<p data-start=\"920\" data-end=\"995\"><strong data-start=\"920\" data-end=\"931\">R\u00e9duire<\/strong>&nbsp;les arr\u00eats de travail et am\u00e9liorer la qualit\u00e9 de vie au travail<\/p>\n<\/li>\n<li data-start=\"996\" data-end=\"1103\">\n<p data-start=\"998\" data-end=\"1103\"><strong data-start=\"998\" data-end=\"1012\">Contribuer<\/strong>&nbsp;\u00e0 votre mise en conformit\u00e9 avec les obligations r\u00e9glementaires (DUERP, CARSAT, INRS, AAA\u2026)<\/p>\n<p data-start=\"998\" data-end=\"1103\"><br><\/p>\n<\/li>\n<\/ul>\n<h3 style=\"caret-color: #000000; color: #000000;\" data-start=\"1110\" data-end=\"1159\"><span style=\"font-family: var( --e-global-typography-primary-font-family ), Sans-serif; font-size: 1.75rem; font-weight: var( --e-global-typography-primary-font-weight );\">Une approche terrain, centr\u00e9e sur l\u2019humain<\/span><br><\/h3>\n<p style=\"caret-color: #000000; color: #000000;\" data-start=\"1161\" data-end=\"1187\">Notre audit s\u2019appuie sur :<\/p>\n<ul style=\"caret-color: #000000; color: #000000;\" data-start=\"1188\" data-end=\"1473\">\n<li data-start=\"1188\" data-end=\"1242\">\n<p data-start=\"1190\" data-end=\"1242\">des&nbsp;<strong data-start=\"1194\" data-end=\"1219\">observations directes<\/strong>&nbsp;des postes de travail,<\/p>\n<\/li>\n<li data-start=\"1243\" data-end=\"1290\">\n<p data-start=\"1245\" data-end=\"1290\">des&nbsp;<strong data-start=\"1249\" data-end=\"1289\">entretiens individuels et collectifs<\/strong>,<\/p>\n<\/li>\n<li data-start=\"1291\" data-end=\"1377\">\n<p data-start=\"1293\" data-end=\"1377\">des&nbsp;<strong data-start=\"1297\" data-end=\"1331\">mesures ergonomiques concr\u00e8tes<\/strong>&nbsp;(espaces, poids, r\u00e9p\u00e9titivit\u00e9, contraintes\u2026),<\/p>\n<\/li>\n<li data-start=\"1378\" data-end=\"1473\">\n<p data-start=\"1380\" data-end=\"1473\">et un&nbsp;<strong data-start=\"1386\" data-end=\"1416\">rapport d\u2019analyse d\u00e9taill\u00e9<\/strong>, accompagn\u00e9 d\u2019un&nbsp;<strong data-start=\"1434\" data-end=\"1472\">plan d\u2019action r\u00e9aliste et prioris\u00e9<\/strong><\/p>\n<p data-start=\"1380\" data-end=\"1473\"><strong data-start=\"1434\" data-end=\"1472\"><br><\/strong><\/p>\n<\/li>\n<\/ul>\n<h3 style=\"caret-color: #000000; color: #000000;\" data-start=\"1480\" data-end=\"1499\">&nbsp;Livrables :<\/h3>\n<ul style=\"caret-color: #000000; color: #000000;\" data-start=\"1500\" data-end=\"1679\">\n<li data-start=\"1500\" data-end=\"1530\">\n<p data-start=\"1502\" data-end=\"1530\">Cartographie des risques TMS<\/p>\n<\/li>\n<li data-start=\"1531\" data-end=\"1607\">\n<p data-start=\"1533\" data-end=\"1607\">Recommandations ergonomiques (organisationnelles, mat\u00e9rielles, posturales)<\/p>\n<\/li>\n<li data-start=\"1608\" data-end=\"1646\">\n<p data-start=\"1610\" data-end=\"1646\">Priorisation des actions correctives<\/p>\n<\/li>\n<li data-start=\"1647\" data-end=\"1679\">\n<p data-start=\"1649\" data-end=\"1679\">Suivi post-audit (sur demande)<\/p>\n<\/li>\n<\/ul>\n<h3 style=\"caret-color: #000000; color: #000000;\" data-start=\"1686\" data-end=\"1721\"><span style=\"font-family: var( --e-global-typography-primary-font-family ), Sans-serif; font-size: 1.75rem; font-weight: var( --e-global-typography-primary-font-weight );\"><br><\/span><\/h3>\n<h3 style=\"caret-color: #000000; color: #000000;\" data-start=\"1686\" data-end=\"1721\"><span style=\"font-family: var( --e-global-typography-primary-font-family ), Sans-serif; font-size: 1.75rem; font-weight: var( --e-global-typography-primary-font-weight );\">Un accompagnement sur mesure<\/span><br><\/h3>\n<p style=\"caret-color: #000000; color: #000000;\" data-start=\"1723\" data-end=\"1946\">Que vous soyez une entreprise industrielle, un \u00e9tablissement de sant\u00e9, une administration ou un acteur du tertiaire, notre m\u00e9thode s\u2019adapte \u00e0 vos contraintes. Notre objectif :&nbsp;<strong data-start=\"1899\" data-end=\"1946\">s\u00e9curiser l\u2019humain, renforcer l\u2019entreprise.<\/strong><\/p>\t\t\t\t\t\t\t\t<\/div>\n\t\t\t\t<\/div>\n\t\t\t\t\t<\/div>\n\t\t<\/div>\n\t\t\t\t\t<\/div>\n\t\t<\/section>\n\t\t<div class=\"elementor-element elementor-element-50ec5e6 e-flex e-con-boxed e-con e-parent\" data-id=\"50ec5e6\" data-element_type=\"container\">\n\t\t\t\t\t<div class=\"e-con-inner\">\n\t\t<div class=\"elementor-element elementor-element-7cbdf3c e-con-full e-flex e-con e-child\" data-id=\"7cbdf3c\" data-element_type=\"container\">\n\t\t\t\t<div class=\"elementor-element elementor-element-f936567 elementor-align-center elementor-widget elementor-widget-button\" data-id=\"f936567\" data-element_type=\"widget\" data-widget_type=\"button.default\">\n\t\t\t\t<div class=\"elementor-widget-container\">\n\t\t\t\t\t\t\t\t\t<div class=\"elementor-button-wrapper\">\n\t\t\t\t\t<a class=\"elementor-button elementor-button-link elementor-size-sm\" href=\"https:\/\/ofsip-sarl.reservio.com\">\n\t\t\t\t\t\t<span class=\"elementor-button-content-wrapper\">\n\t\t\t\t\t\t\t\t\t<span class=\"elementor-button-text\">Prendre un rendez-vous<\/span>\n\t\t\t\t\t<\/span>\n\t\t\t\t\t<\/a>\n\t\t\t\t<\/div>\n\t\t\t\t\t\t\t\t<\/div>\n\t\t\t\t<\/div>\n\t\t\t\t<div class=\"elementor-element elementor-element-974012c elementor-align-center elementor-widget elementor-widget-button\" data-id=\"974012c\" data-element_type=\"widget\" data-widget_type=\"button.default\">\n\t\t\t\t<div class=\"elementor-widget-container\">\n\t\t\t\t\t\t\t\t\t<div class=\"elementor-button-wrapper\">\n\t\t\t\t\t<a class=\"elementor-button elementor-button-link elementor-size-sm\" href=\"https:\/\/ofsip.lu\/en\/contact\/\">\n\t\t\t\t\t\t<span class=\"elementor-button-content-wrapper\">\n\t\t\t\t\t\t\t\t\t<span class=\"elementor-button-text\">Contact<\/span>\n\t\t\t\t\t<\/span>\n\t\t\t\t\t<\/a>\n\t\t\t\t<\/div>\n\t\t\t\t\t\t\t\t<\/div>\n\t\t\t\t<\/div>\n\t\t\t\t<\/div>\n\t\t\t\t\t<\/div>\n\t\t\t\t<\/div>\n\t\t\t\t<\/div>","protected":false},"excerpt":{"rendered":"<p>Audit pr\u00e9vention des TMS (optimisation des postes de travail) Identifiez, analysez et agissez durablement contre les troubles musculo-squelettiques Chez&nbsp;OFSIP, nous sommes convaincus que la performance passe par la pr\u00e9vention. Les troubles musculo-squelettiques (TMS) repr\u00e9sentent aujourd\u2019hui la premi\u00e8re cause de maladies professionnelles. Pourtant, ils ne sont ni une fatalit\u00e9\u2026 ni une obligation. Notre&nbsp;audit pr\u00e9vention TMS&nbsp;vous permet [&hellip;]<\/p>","protected":false},"author":1,"featured_media":0,"parent":1789,"menu_order":0,"comment_status":"closed","ping_status":"closed","template":"","meta":{"footnotes":""},"class_list":["post-1799","page","type-page","status-publish","hentry"],"yoast_head":"<!-- This site is optimized with the Yoast SEO plugin v25.4 - https:\/\/yoast.com\/wordpress\/plugins\/seo\/ -->\n<title>Audit pr\u00e9vention des TMS (optimisation des postes de travail) - OFSIP<\/title>\n<meta name=\"robots\" content=\"index, follow, max-snippet:-1, max-image-preview:large, max-video-preview:-1\" \/>\n<link rel=\"canonical\" href=\"https:\/\/ofsip.lu\/en\/accompagnement-et-prestations\/audit-prevention-des-tms-optimisation-des-postes-de-travail\/\" \/>\n<meta property=\"og:locale\" content=\"en_GB\" \/>\n<meta property=\"og:type\" content=\"article\" \/>\n<meta property=\"og:title\" content=\"Audit pr\u00e9vention des TMS (optimisation des postes de travail) - OFSIP\" \/>\n<meta property=\"og:description\" content=\"Audit pr\u00e9vention des TMS (optimisation des postes de travail) Identifiez, analysez et agissez durablement contre les troubles musculo-squelettiques Chez&nbsp;OFSIP, nous sommes convaincus que la performance passe par la pr\u00e9vention. Les troubles musculo-squelettiques (TMS) repr\u00e9sentent aujourd\u2019hui la premi\u00e8re cause de maladies professionnelles. Pourtant, ils ne sont ni une fatalit\u00e9\u2026 ni une obligation. Notre&nbsp;audit pr\u00e9vention TMS&nbsp;vous permet [&hellip;]\" \/>\n<meta property=\"og:url\" content=\"https:\/\/ofsip.lu\/en\/accompagnement-et-prestations\/audit-prevention-des-tms-optimisation-des-postes-de-travail\/\" \/>\n<meta property=\"og:site_name\" content=\"OFSIP\" \/>\n<meta property=\"article:modified_time\" content=\"2025-07-15T12:10:46+00:00\" \/>\n<meta name=\"twitter:card\" content=\"summary_large_image\" \/>\n<meta name=\"twitter:label1\" content=\"Estimated reading time\" \/>\n\t<meta name=\"twitter:data1\" content=\"1 minute\" \/>\n<script type=\"application\/ld+json\" class=\"yoast-schema-graph\">{\"@context\":\"https:\/\/schema.org\",\"@graph\":[{\"@type\":\"WebPage\",\"@id\":\"https:\/\/ofsip.lu\/accompagnement-et-prestations\/audit-prevention-des-tms-optimisation-des-postes-de-travail\/\",\"url\":\"https:\/\/ofsip.lu\/accompagnement-et-prestations\/audit-prevention-des-tms-optimisation-des-postes-de-travail\/\",\"name\":\"Audit pr\u00e9vention des TMS (optimisation des postes de travail) - OFSIP\",\"isPartOf\":{\"@id\":\"https:\/\/ofsip.lu\/#website\"},\"datePublished\":\"2025-06-03T12:11:54+00:00\",\"dateModified\":\"2025-07-15T12:10:46+00:00\",\"breadcrumb\":{\"@id\":\"https:\/\/ofsip.lu\/accompagnement-et-prestations\/audit-prevention-des-tms-optimisation-des-postes-de-travail\/#breadcrumb\"},\"inLanguage\":\"en-GB\",\"potentialAction\":[{\"@type\":\"ReadAction\",\"target\":[\"https:\/\/ofsip.lu\/accompagnement-et-prestations\/audit-prevention-des-tms-optimisation-des-postes-de-travail\/\"]}]},{\"@type\":\"BreadcrumbList\",\"@id\":\"https:\/\/ofsip.lu\/accompagnement-et-prestations\/audit-prevention-des-tms-optimisation-des-postes-de-travail\/#breadcrumb\",\"itemListElement\":[{\"@type\":\"ListItem\",\"position\":1,\"name\":\"Home\",\"item\":\"https:\/\/ofsip.lu\/\"},{\"@type\":\"ListItem\",\"position\":2,\"name\":\"Solutions sur-Mesure\",\"item\":\"https:\/\/ofsip.lu\/accompagnement-et-prestations\/\"},{\"@type\":\"ListItem\",\"position\":3,\"name\":\"Audit pr\u00e9vention des TMS (optimisation des postes de travail)\"}]},{\"@type\":\"WebSite\",\"@id\":\"https:\/\/ofsip.lu\/#website\",\"url\":\"https:\/\/ofsip.lu\/\",\"name\":\"OFSIP\",\"description\":\"S\u00e9curiser l&#039;humain, renforcer l&#039;entreprise\",\"publisher\":{\"@id\":\"https:\/\/ofsip.lu\/#organization\"},\"potentialAction\":[{\"@type\":\"SearchAction\",\"target\":{\"@type\":\"EntryPoint\",\"urlTemplate\":\"https:\/\/ofsip.lu\/?s={search_term_string}\"},\"query-input\":{\"@type\":\"PropertyValueSpecification\",\"valueRequired\":true,\"valueName\":\"search_term_string\"}}],\"inLanguage\":\"en-GB\"},{\"@type\":\"Organization\",\"@id\":\"https:\/\/ofsip.lu\/#organization\",\"name\":\"OFSIP\",\"url\":\"https:\/\/ofsip.lu\/\",\"logo\":{\"@type\":\"ImageObject\",\"inLanguage\":\"en-GB\",\"@id\":\"https:\/\/ofsip.lu\/#\/schema\/logo\/image\/\",\"url\":\"https:\/\/ofsip.lu\/wp-content\/uploads\/2025\/07\/Logo-OFSIP-Color-sans-detail.png\",\"contentUrl\":\"https:\/\/ofsip.lu\/wp-content\/uploads\/2025\/07\/Logo-OFSIP-Color-sans-detail.png\",\"width\":486,\"height\":460,\"caption\":\"OFSIP\"},\"image\":{\"@id\":\"https:\/\/ofsip.lu\/#\/schema\/logo\/image\/\"}}]}<\/script>\n<!-- \/ Yoast SEO plugin. -->","yoast_head_json":{"title":"Audit pr\u00e9vention des TMS (optimisation des postes de travail) - OFSIP","robots":{"index":"index","follow":"follow","max-snippet":"max-snippet:-1","max-image-preview":"max-image-preview:large","max-video-preview":"max-video-preview:-1"},"canonical":"https:\/\/ofsip.lu\/en\/accompagnement-et-prestations\/audit-prevention-des-tms-optimisation-des-postes-de-travail\/","og_locale":"en_GB","og_type":"article","og_title":"Audit pr\u00e9vention des TMS (optimisation des postes de travail) - OFSIP","og_description":"Audit pr\u00e9vention des TMS (optimisation des postes de travail) Identifiez, analysez et agissez durablement contre les troubles musculo-squelettiques Chez&nbsp;OFSIP, nous sommes convaincus que la performance passe par la pr\u00e9vention. Les troubles musculo-squelettiques (TMS) repr\u00e9sentent aujourd\u2019hui la premi\u00e8re cause de maladies professionnelles. Pourtant, ils ne sont ni une fatalit\u00e9\u2026 ni une obligation. Notre&nbsp;audit pr\u00e9vention TMS&nbsp;vous permet [&hellip;]","og_url":"https:\/\/ofsip.lu\/en\/accompagnement-et-prestations\/audit-prevention-des-tms-optimisation-des-postes-de-travail\/","og_site_name":"OFSIP","article_modified_time":"2025-07-15T12:10:46+00:00","twitter_card":"summary_large_image","twitter_misc":{"Estimated reading time":"1 minute"},"schema":{"@context":"https:\/\/schema.org","@graph":[{"@type":"WebPage","@id":"https:\/\/ofsip.lu\/accompagnement-et-prestations\/audit-prevention-des-tms-optimisation-des-postes-de-travail\/","url":"https:\/\/ofsip.lu\/accompagnement-et-prestations\/audit-prevention-des-tms-optimisation-des-postes-de-travail\/","name":"Audit pr\u00e9vention des TMS (optimisation des postes de travail) - OFSIP","isPartOf":{"@id":"https:\/\/ofsip.lu\/#website"},"datePublished":"2025-06-03T12:11:54+00:00","dateModified":"2025-07-15T12:10:46+00:00","breadcrumb":{"@id":"https:\/\/ofsip.lu\/accompagnement-et-prestations\/audit-prevention-des-tms-optimisation-des-postes-de-travail\/#breadcrumb"},"inLanguage":"en-GB","potentialAction":[{"@type":"ReadAction","target":["https:\/\/ofsip.lu\/accompagnement-et-prestations\/audit-prevention-des-tms-optimisation-des-postes-de-travail\/"]}]},{"@type":"BreadcrumbList","@id":"https:\/\/ofsip.lu\/accompagnement-et-prestations\/audit-prevention-des-tms-optimisation-des-postes-de-travail\/#breadcrumb","itemListElement":[{"@type":"ListItem","position":1,"name":"Home","item":"https:\/\/ofsip.lu\/"},{"@type":"ListItem","position":2,"name":"Solutions sur-Mesure","item":"https:\/\/ofsip.lu\/accompagnement-et-prestations\/"},{"@type":"ListItem","position":3,"name":"Audit pr\u00e9vention des TMS (optimisation des postes de travail)"}]},{"@type":"WebSite","@id":"https:\/\/ofsip.lu\/#website","url":"https:\/\/ofsip.lu\/","name":"OFSIP","description":"S\u00e9curiser l&#039;humain, renforcer l&#039;entreprise","publisher":{"@id":"https:\/\/ofsip.lu\/#organization"},"potentialAction":[{"@type":"SearchAction","target":{"@type":"EntryPoint","urlTemplate":"https:\/\/ofsip.lu\/?s={search_term_string}"},"query-input":{"@type":"PropertyValueSpecification","valueRequired":true,"valueName":"search_term_string"}}],"inLanguage":"en-GB"},{"@type":"Organization","@id":"https:\/\/ofsip.lu\/#organization","name":"OFSIP","url":"https:\/\/ofsip.lu\/","logo":{"@type":"ImageObject","inLanguage":"en-GB","@id":"https:\/\/ofsip.lu\/#\/schema\/logo\/image\/","url":"https:\/\/ofsip.lu\/wp-content\/uploads\/2025\/07\/Logo-OFSIP-Color-sans-detail.png","contentUrl":"https:\/\/ofsip.lu\/wp-content\/uploads\/2025\/07\/Logo-OFSIP-Color-sans-detail.png","width":486,"height":460,"caption":"OFSIP"},"image":{"@id":"https:\/\/ofsip.lu\/#\/schema\/logo\/image\/"}}]}},"jetpack_sharing_enabled":true,"_links":{"self":[{"href":"https:\/\/ofsip.lu\/en\/wp-json\/wp\/v2\/pages\/1799","targetHints":{"allow":["GET"]}}],"collection":[{"href":"https:\/\/ofsip.lu\/en\/wp-json\/wp\/v2\/pages"}],"about":[{"href":"https:\/\/ofsip.lu\/en\/wp-json\/wp\/v2\/types\/page"}],"author":[{"embeddable":true,"href":"https:\/\/ofsip.lu\/en\/wp-json\/wp\/v2\/users\/1"}],"replies":[{"embeddable":true,"href":"https:\/\/ofsip.lu\/en\/wp-json\/wp\/v2\/comments?post=1799"}],"version-history":[{"count":16,"href":"https:\/\/ofsip.lu\/en\/wp-json\/wp\/v2\/pages\/1799\/revisions"}],"predecessor-version":[{"id":2076,"href":"https:\/\/ofsip.lu\/en\/wp-json\/wp\/v2\/pages\/1799\/revisions\/2076"}],"up":[{"embeddable":true,"href":"https:\/\/ofsip.lu\/en\/wp-json\/wp\/v2\/pages\/1789"}],"wp:attachment":[{"href":"https:\/\/ofsip.lu\/en\/wp-json\/wp\/v2\/media?parent=1799"}],"curies":[{"name":"wp","href":"https:\/\/api.w.org\/{rel}","templated":true}]}}