{"id":2694,"date":"2025-08-18T16:24:28","date_gmt":"2025-08-18T16:24:28","guid":{"rendered":"https:\/\/ofsip.lu\/?page_id=2694"},"modified":"2025-08-18T18:59:35","modified_gmt":"2025-08-18T18:59:35","slug":"foire-aux-questions","status":"publish","type":"page","link":"https:\/\/ofsip.lu\/en\/foire-aux-questions\/","title":{"rendered":""},"content":{"rendered":"<div data-elementor-type=\"wp-page\" data-elementor-id=\"2694\" class=\"elementor elementor-2694\" data-elementor-post-type=\"page\">\n\t\t\t\t<div class=\"elementor-element elementor-element-e04180c e-flex e-con-boxed e-con e-parent\" data-id=\"e04180c\" data-element_type=\"container\">\n\t\t\t\t\t<div class=\"e-con-inner\">\n\t\t\t\t<div class=\"elementor-element elementor-element-16c392d elementor-widget elementor-widget-image\" data-id=\"16c392d\" data-element_type=\"widget\" data-widget_type=\"image.default\">\n\t\t\t\t<div class=\"elementor-widget-container\">\n\t\t\t\t\t\t\t\t\t\t\t\t\t\t\t<img fetchpriority=\"high\" decoding=\"async\" width=\"768\" height=\"543\" src=\"https:\/\/ofsip.lu\/wp-content\/uploads\/2025\/08\/FAQ-768x543.png\" class=\"attachment-medium_large size-medium_large wp-image-2718\" alt=\"\" srcset=\"https:\/\/ofsip.lu\/wp-content\/uploads\/2025\/08\/FAQ-768x543.png 768w, https:\/\/ofsip.lu\/wp-content\/uploads\/2025\/08\/FAQ-300x212.png 300w, https:\/\/ofsip.lu\/wp-content\/uploads\/2025\/08\/FAQ-1024x724.png 1024w, https:\/\/ofsip.lu\/wp-content\/uploads\/2025\/08\/FAQ-1536x1086.png 1536w, https:\/\/ofsip.lu\/wp-content\/uploads\/2025\/08\/FAQ-2048x1448.png 2048w, https:\/\/ofsip.lu\/wp-content\/uploads\/2025\/08\/FAQ-18x12.png 18w\" sizes=\"(max-width: 768px) 100vw, 768px\" \/>\t\t\t\t\t\t\t\t\t\t\t\t\t\t\t<\/div>\n\t\t\t\t<\/div>\n\t\t\t\t<div class=\"elementor-element elementor-element-1bc3324 elementor-widget elementor-widget-heading\" data-id=\"1bc3324\" data-element_type=\"widget\" data-widget_type=\"heading.default\">\n\t\t\t\t<div class=\"elementor-widget-container\">\n\t\t\t\t\t<h2 class=\"elementor-heading-title elementor-size-default\">Trainings<\/h2>\t\t\t\t<\/div>\n\t\t\t\t<\/div>\n\t\t\t\t<div class=\"elementor-element elementor-element-b9e9f1c elementor-widget elementor-widget-text-editor\" data-id=\"b9e9f1c\" data-element_type=\"widget\" data-widget_type=\"text-editor.default\">\n\t\t\t\t<div class=\"elementor-widget-container\">\n\t\t\t\t\t\t\t\t\t<p><span style=\"caret-color: #000000; color: #000000; font-size: medium;\">Toutes les questions li\u00e9es \u00e0 nos formations (contenu, dur\u00e9e, certification, modalit\u00e9s).<\/span><\/p>\t\t\t\t\t\t\t\t<\/div>\n\t\t\t\t<\/div>\n\t\t\t\t<div class=\"elementor-element elementor-element-fc79c8e elementor-widget elementor-widget-n-accordion\" data-id=\"fc79c8e\" data-element_type=\"widget\" data-settings=\"{&quot;default_state&quot;:&quot;expanded&quot;,&quot;max_items_expended&quot;:&quot;one&quot;,&quot;n_accordion_animation_duration&quot;:{&quot;unit&quot;:&quot;ms&quot;,&quot;size&quot;:400,&quot;sizes&quot;:[]}}\" data-widget_type=\"nested-accordion.default\">\n\t\t\t\t<div class=\"elementor-widget-container\">\n\t\t\t\t\t\t\t<div class=\"e-n-accordion\" aria-label=\"Accordion. Open links with Enter or Space, close with Escape, and navigate with Arrow Keys\">\n\t\t\t\t\t\t<details id=\"e-n-accordion-item-2640\" class=\"e-n-accordion-item\" open>\n\t\t\t\t<summary class=\"e-n-accordion-item-title\" data-accordion-index=\"1\" tabindex=\"0\" aria-expanded=\"true\" aria-controls=\"e-n-accordion-item-2640\" >\n\t\t\t\t\t<span class='e-n-accordion-item-title-header'><div class=\"e-n-accordion-item-title-text\"> Quelle est la dur\u00e9e de vos formations en sant\u00e9 et s\u00e9curit\u00e9 au travail ? <\/div><\/span>\n\t\t\t\t\t\t\t<span class='e-n-accordion-item-title-icon'>\n\t\t\t<span class='e-opened' ><svg aria-hidden=\"true\" class=\"e-font-icon-svg e-fas-minus\" viewbox=\"0 0 448 512\" xmlns=\"http:\/\/www.w3.org\/2000\/svg\"><path d=\"M416 208H32c-17.67 0-32 14.33-32 32v32c0 17.67 14.33 32 32 32h384c17.67 0 32-14.33 32-32v-32c0-17.67-14.33-32-32-32z\"><\/path><\/svg><\/span>\n\t\t\t<span class='e-closed'><svg aria-hidden=\"true\" class=\"e-font-icon-svg e-fas-plus\" viewbox=\"0 0 448 512\" xmlns=\"http:\/\/www.w3.org\/2000\/svg\"><path d=\"M416 208H272V64c0-17.67-14.33-32-32-32h-32c-17.67 0-32 14.33-32 32v144H32c-17.67 0-32 14.33-32 32v32c0 17.67 14.33 32 32 32h144v144c0 17.67 14.33 32 32 32h32c17.67 0 32-14.33 32-32V304h144c17.67 0 32-14.33 32-32v-32c0-17.67-14.33-32-32-32z\"><\/path><\/svg><\/span>\n\t\t<\/span>\n\n\t\t\t\t\t\t<\/summary>\n\t\t\t\t<div role=\"region\" aria-labelledby=\"e-n-accordion-item-2640\" class=\"elementor-element elementor-element-50f9f7a e-con-full e-flex e-con e-child\" data-id=\"50f9f7a\" data-element_type=\"container\">\n\t\t\t\t<div class=\"elementor-element elementor-element-367e81b elementor-widget elementor-widget-text-editor\" data-id=\"367e81b\" data-element_type=\"widget\" data-widget_type=\"text-editor.default\">\n\t\t\t\t<div class=\"elementor-widget-container\">\n\t\t\t\t\t\t\t\t\t<p>Tout d\u00e9pend de la formation choisis. Certaines formations sont certifiantes par les autorit\u00e9s comp\u00e9tentes et les dur\u00e9es sont d\u00e9finies par eux-m\u00eame. D&rsquo;autres formations sont le produit d&rsquo;OFSIP et dur\u00e9es sont pr\u00e9-d\u00e9termin\u00e9es. Selon les besoins, les dur\u00e9es sont adaptables.\u00a0<\/p>\t\t\t\t\t\t\t\t<\/div>\n\t\t\t\t<\/div>\n\t\t\t\t<\/div>\n\t\t\t\t\t<\/details>\n\t\t\t\t\t\t<details id=\"e-n-accordion-item-2641\" class=\"e-n-accordion-item\" >\n\t\t\t\t<summary class=\"e-n-accordion-item-title\" data-accordion-index=\"2\" tabindex=\"-1\" aria-expanded=\"false\" aria-controls=\"e-n-accordion-item-2641\" >\n\t\t\t\t\t<span class='e-n-accordion-item-title-header'><div class=\"e-n-accordion-item-title-text\"> Vos formations sont-elles reconnues officiellement au Luxembourg ? <\/div><\/span>\n\t\t\t\t\t\t\t<span class='e-n-accordion-item-title-icon'>\n\t\t\t<span class='e-opened' ><svg aria-hidden=\"true\" class=\"e-font-icon-svg e-fas-minus\" viewbox=\"0 0 448 512\" xmlns=\"http:\/\/www.w3.org\/2000\/svg\"><path d=\"M416 208H32c-17.67 0-32 14.33-32 32v32c0 17.67 14.33 32 32 32h384c17.67 0 32-14.33 32-32v-32c0-17.67-14.33-32-32-32z\"><\/path><\/svg><\/span>\n\t\t\t<span class='e-closed'><svg aria-hidden=\"true\" class=\"e-font-icon-svg e-fas-plus\" viewbox=\"0 0 448 512\" xmlns=\"http:\/\/www.w3.org\/2000\/svg\"><path d=\"M416 208H272V64c0-17.67-14.33-32-32-32h-32c-17.67 0-32 14.33-32 32v144H32c-17.67 0-32 14.33-32 32v32c0 17.67 14.33 32 32 32h144v144c0 17.67 14.33 32 32 32h32c17.67 0 32-14.33 32-32V304h144c17.67 0 32-14.33 32-32v-32c0-17.67-14.33-32-32-32z\"><\/path><\/svg><\/span>\n\t\t<\/span>\n\n\t\t\t\t\t\t<\/summary>\n\t\t\t\t<div role=\"region\" aria-labelledby=\"e-n-accordion-item-2641\" class=\"elementor-element elementor-element-e5257e4 e-con-full e-flex e-con e-child\" data-id=\"e5257e4\" data-element_type=\"container\">\n\t\t\t\t<div class=\"elementor-element elementor-element-5e11d4d elementor-widget elementor-widget-text-editor\" data-id=\"5e11d4d\" data-element_type=\"widget\" data-widget_type=\"text-editor.default\">\n\t\t\t\t<div class=\"elementor-widget-container\">\n\t\t\t\t\t\t\t\t\t<p><strong data-start=\"87\" data-end=\"162\">Oui. Toutes nos formations sont officiellement reconnues au Luxembourg.<\/strong><\/p><p>OFSIP est un organisme de formation d\u00e9tenant une autorisation d&rsquo;exercer et est habilit\u00e9 et agr\u00e9\u00e9 par les autorit\u00e9s comp\u00e9tentes (CGDIS, ITM, Minist\u00e8re de l\u2019\u00c9ducation nationale, SNJ, etc.), garantissant la conformit\u00e9 r\u00e9glementaire et la qualit\u00e9 p\u00e9dagogique de nos programmes.<\/p><p><br data-start=\"382\" data-end=\"385\" \/>Chaque formation donne lieu \u00e0 une attestation ou une certification conforme aux exigences l\u00e9gales et reconnue par les entreprises et institutions luxembourgeoises.<\/p>\t\t\t\t\t\t\t\t<\/div>\n\t\t\t\t<\/div>\n\t\t\t\t<\/div>\n\t\t\t\t\t<\/details>\n\t\t\t\t\t\t<details id=\"e-n-accordion-item-2642\" class=\"e-n-accordion-item\" >\n\t\t\t\t<summary class=\"e-n-accordion-item-title\" data-accordion-index=\"3\" tabindex=\"-1\" aria-expanded=\"false\" aria-controls=\"e-n-accordion-item-2642\" >\n\t\t\t\t\t<span class='e-n-accordion-item-title-header'><div class=\"e-n-accordion-item-title-text\"> Combien de participants maximum peuvent suivre une session ? <\/div><\/span>\n\t\t\t\t\t\t\t<span class='e-n-accordion-item-title-icon'>\n\t\t\t<span class='e-opened' ><svg aria-hidden=\"true\" class=\"e-font-icon-svg e-fas-minus\" viewbox=\"0 0 448 512\" xmlns=\"http:\/\/www.w3.org\/2000\/svg\"><path d=\"M416 208H32c-17.67 0-32 14.33-32 32v32c0 17.67 14.33 32 32 32h384c17.67 0 32-14.33 32-32v-32c0-17.67-14.33-32-32-32z\"><\/path><\/svg><\/span>\n\t\t\t<span class='e-closed'><svg aria-hidden=\"true\" class=\"e-font-icon-svg e-fas-plus\" viewbox=\"0 0 448 512\" xmlns=\"http:\/\/www.w3.org\/2000\/svg\"><path d=\"M416 208H272V64c0-17.67-14.33-32-32-32h-32c-17.67 0-32 14.33-32 32v144H32c-17.67 0-32 14.33-32 32v32c0 17.67 14.33 32 32 32h144v144c0 17.67 14.33 32 32 32h32c17.67 0 32-14.33 32-32V304h144c17.67 0 32-14.33 32-32v-32c0-17.67-14.33-32-32-32z\"><\/path><\/svg><\/span>\n\t\t<\/span>\n\n\t\t\t\t\t\t<\/summary>\n\t\t\t\t<div role=\"region\" aria-labelledby=\"e-n-accordion-item-2642\" class=\"elementor-element elementor-element-1b370f3 e-con-full e-flex e-con e-child\" data-id=\"1b370f3\" data-element_type=\"container\">\n\t\t\t\t<div class=\"elementor-element elementor-element-829e12e elementor-widget elementor-widget-text-editor\" data-id=\"829e12e\" data-element_type=\"widget\" data-widget_type=\"text-editor.default\">\n\t\t\t\t<div class=\"elementor-widget-container\">\n\t\t\t\t\t\t\t\t\t<p><strong style=\"caret-color: #000000; color: #000000;\" data-start=\"48\" data-end=\"114\">Le nombre maximum de participants d\u00e9pend du type de formation.<\/strong><br style=\"caret-color: #000000; color: #000000;\" data-start=\"114\" data-end=\"117\" \/><span style=\"caret-color: #000000; color: #000000; font-size: medium;\">Pour les formations pratiques, comme le secourisme ou la lutte contre l\u2019incendie, nous limitons g\u00e9n\u00e9ralement les groupes \u00e0\u00a0<\/span><strong style=\"caret-color: #000000; color: #000000;\" data-start=\"240\" data-end=\"261\">10 \u00e0 12 personnes<\/strong><span style=\"caret-color: #000000; color: #000000; font-size: medium;\">, afin de garantir une mise en pratique efficace et un suivi individuel de qualit\u00e9.<\/span><\/p><p><span style=\"font-size: medium;\"><br style=\"caret-color: #000000; color: #000000;\" data-start=\"344\" data-end=\"347\" \/><\/span><span style=\"caret-color: #000000; color: #000000; font-size: medium;\">Pour les formations plus th\u00e9oriques ou en distanciel, la capacit\u00e9 peut \u00eatre \u00e9largie, tout en veillant \u00e0 pr\u00e9server l\u2019interactivit\u00e9 et la participation de chacun.<\/span><\/p>\t\t\t\t\t\t\t\t<\/div>\n\t\t\t\t<\/div>\n\t\t\t\t<\/div>\n\t\t\t\t\t<\/details>\n\t\t\t\t\t\t<details id=\"e-n-accordion-item-2643\" class=\"e-n-accordion-item\" >\n\t\t\t\t<summary class=\"e-n-accordion-item-title\" data-accordion-index=\"4\" tabindex=\"-1\" aria-expanded=\"false\" aria-controls=\"e-n-accordion-item-2643\" >\n\t\t\t\t\t<span class='e-n-accordion-item-title-header'><div class=\"e-n-accordion-item-title-text\"> Proposez-vous des formations en pr\u00e9sentiel et \u00e0 distance ? <\/div><\/span>\n\t\t\t\t\t\t\t<span class='e-n-accordion-item-title-icon'>\n\t\t\t<span class='e-opened' ><svg aria-hidden=\"true\" class=\"e-font-icon-svg e-fas-minus\" viewbox=\"0 0 448 512\" xmlns=\"http:\/\/www.w3.org\/2000\/svg\"><path d=\"M416 208H32c-17.67 0-32 14.33-32 32v32c0 17.67 14.33 32 32 32h384c17.67 0 32-14.33 32-32v-32c0-17.67-14.33-32-32-32z\"><\/path><\/svg><\/span>\n\t\t\t<span class='e-closed'><svg aria-hidden=\"true\" class=\"e-font-icon-svg e-fas-plus\" viewbox=\"0 0 448 512\" xmlns=\"http:\/\/www.w3.org\/2000\/svg\"><path d=\"M416 208H272V64c0-17.67-14.33-32-32-32h-32c-17.67 0-32 14.33-32 32v144H32c-17.67 0-32 14.33-32 32v32c0 17.67 14.33 32 32 32h144v144c0 17.67 14.33 32 32 32h32c17.67 0 32-14.33 32-32V304h144c17.67 0 32-14.33 32-32v-32c0-17.67-14.33-32-32-32z\"><\/path><\/svg><\/span>\n\t\t<\/span>\n\n\t\t\t\t\t\t<\/summary>\n\t\t\t\t<div role=\"region\" aria-labelledby=\"e-n-accordion-item-2643\" class=\"elementor-element elementor-element-b6231cc e-flex e-con-boxed e-con e-child\" data-id=\"b6231cc\" data-element_type=\"container\">\n\t\t\t\t\t<div class=\"e-con-inner\">\n\t\t\t\t<div class=\"elementor-element elementor-element-56fdc68 elementor-widget elementor-widget-text-editor\" data-id=\"56fdc68\" data-element_type=\"widget\" data-widget_type=\"text-editor.default\">\n\t\t\t\t<div class=\"elementor-widget-container\">\n\t\t\t\t\t\t\t\t\t<p><strong style=\"caret-color: #000000; color: #000000;\" data-start=\"62\" data-end=\"140\">Oui, nous proposons nos formations aussi bien en pr\u00e9sentiel qu\u2019\u00e0 distance.<\/strong><\/p><p><br style=\"caret-color: #000000; color: #000000;\" data-start=\"140\" data-end=\"143\" \/><span style=\"caret-color: #000000; color: #000000; font-size: medium;\">Les sessions en pr\u00e9sentiel se d\u00e9roulent directement dans vos locaux ou dans nos salles de formation \u00e9quip\u00e9es.<\/span><\/p><p><span style=\"caret-color: #000000; color: #000000; font-size: medium;\">Pour plus de flexibilit\u00e9, certaines formations sont \u00e9galement disponibles en\u00a0<\/span><strong style=\"caret-color: #000000; color: #000000;\" data-start=\"332\" data-end=\"346\">distanciel<\/strong><span style=\"caret-color: #000000; color: #000000; font-size: medium;\">, en visioconf\u00e9rence interactive ou via des modules num\u00e9riques, tout en conservant la m\u00eame qualit\u00e9 p\u00e9dagogique et le m\u00eame niveau d\u2019interactivit\u00e9.<\/span><\/p>\t\t\t\t\t\t\t\t<\/div>\n\t\t\t\t<\/div>\n\t\t\t\t\t<\/div>\n\t\t\t\t<\/div>\n\t\t\t\t\t<\/details>\n\t\t\t\t\t\t<details id=\"e-n-accordion-item-2644\" class=\"e-n-accordion-item\" >\n\t\t\t\t<summary class=\"e-n-accordion-item-title\" data-accordion-index=\"5\" tabindex=\"-1\" aria-expanded=\"false\" aria-controls=\"e-n-accordion-item-2644\" >\n\t\t\t\t\t<span class='e-n-accordion-item-title-header'><div class=\"e-n-accordion-item-title-text\"> Les formations donnent-elles lieu \u00e0 une attestation ou une certification ? <\/div><\/span>\n\t\t\t\t\t\t\t<span class='e-n-accordion-item-title-icon'>\n\t\t\t<span class='e-opened' ><svg aria-hidden=\"true\" class=\"e-font-icon-svg e-fas-minus\" viewbox=\"0 0 448 512\" xmlns=\"http:\/\/www.w3.org\/2000\/svg\"><path d=\"M416 208H32c-17.67 0-32 14.33-32 32v32c0 17.67 14.33 32 32 32h384c17.67 0 32-14.33 32-32v-32c0-17.67-14.33-32-32-32z\"><\/path><\/svg><\/span>\n\t\t\t<span class='e-closed'><svg aria-hidden=\"true\" class=\"e-font-icon-svg e-fas-plus\" viewbox=\"0 0 448 512\" xmlns=\"http:\/\/www.w3.org\/2000\/svg\"><path d=\"M416 208H272V64c0-17.67-14.33-32-32-32h-32c-17.67 0-32 14.33-32 32v144H32c-17.67 0-32 14.33-32 32v32c0 17.67 14.33 32 32 32h144v144c0 17.67 14.33 32 32 32h32c17.67 0 32-14.33 32-32V304h144c17.67 0 32-14.33 32-32v-32c0-17.67-14.33-32-32-32z\"><\/path><\/svg><\/span>\n\t\t<\/span>\n\n\t\t\t\t\t\t<\/summary>\n\t\t\t\t<div role=\"region\" aria-labelledby=\"e-n-accordion-item-2644\" class=\"elementor-element elementor-element-ada172e e-flex e-con-boxed e-con e-child\" data-id=\"ada172e\" data-element_type=\"container\">\n\t\t\t\t\t<div class=\"e-con-inner\">\n\t\t\t\t<div class=\"elementor-element elementor-element-6eadb69 elementor-widget elementor-widget-text-editor\" data-id=\"6eadb69\" data-element_type=\"widget\" data-widget_type=\"text-editor.default\">\n\t\t\t\t<div class=\"elementor-widget-container\">\n\t\t\t\t\t\t\t\t\t<p data-start=\"141\" data-end=\"273\">Oui. Toutes nos formations donnent lieu \u00e0 une attestation ou \u00e0 une certification officielle, selon le type de programme suivi.<\/p><p data-start=\"277\" data-end=\"298\">\ud83d\udcdc <strong data-start=\"280\" data-end=\"294\">Certificat<\/strong> :<\/p><ul><li style=\"list-style-type: none;\"><ul><li>Premiers Secours (CGDIS)<\/li><li>SST \u2013 Sauveteur Secouriste du Travail (INRS)<\/li><\/ul><\/li><\/ul><ul data-start=\"275\" data-end=\"896\"><li style=\"list-style-type: none;\"><ul data-start=\"301\" data-end=\"510\"><li data-start=\"356\" data-end=\"415\"><p data-start=\"358\" data-end=\"415\">Formation du CSE en Mati\u00e8re de CSSCT (MINIST\u00c8RE DU TRAVAIL, DE LA SANT\u00c9, DES SOLIDARIT\u00c9S<br \/>ET DES FAMILLES<\/p><\/li><li data-start=\"356\" data-end=\"415\"><p data-start=\"358\" data-end=\"415\">PRAP IBC &amp; 2S (INRS<\/p><\/li><li data-start=\"466\" data-end=\"510\"><p data-start=\"468\" data-end=\"510\">R\u00e9f\u00e9rent Risques Psychosociaux (ITM)<\/p><\/li><li data-start=\"466\" data-end=\"510\">R\u00e9f\u00e9rent entreprise en QVT et Gestion du Stress<\/li><\/ul><\/li><\/ul><p>\u00a0<\/p><ul data-start=\"275\" data-end=\"896\"><li data-start=\"512\" data-end=\"896\"><p data-start=\"514\" data-end=\"549\">\ud83d\udcdd <strong data-start=\"517\" data-end=\"545\">Attestation de formation<\/strong> :<\/p><ul data-start=\"552\" data-end=\"896\"><li data-start=\"552\" data-end=\"661\"><p data-start=\"554\" data-end=\"661\">Formations incendie (\u00c9quipier de Premi\u00e8re Intervention, Premier T\u00e9moin d\u2019Incendie, Charg\u00e9 d\u2019\u00c9vacuation, etc.)<\/p><\/li><li data-start=\"664\" data-end=\"723\"><p data-start=\"666\" data-end=\"723\">Pr\u00e9vention des TMS (Troubles Musculo-Squelettiques)<\/p><\/li><li data-start=\"726\" data-end=\"772\"><p data-start=\"728\" data-end=\"772\">Ergonomie et Qualit\u00e9 de Vie au Travail<\/p><\/li><li data-start=\"775\" data-end=\"855\"><p data-start=\"777\" data-end=\"855\">Formations en distanciel (ex. RCP, premiers secours enfants\/nourrissons)<\/p><\/li><li data-start=\"858\" data-end=\"896\"><p data-start=\"860\" data-end=\"896\">Modules th\u00e9matiques sur mesure<\/p><\/li><\/ul><\/li><\/ul><p data-start=\"898\" data-end=\"1039\">\ud83d\udc49 Dans tous les cas, un document officiel est remis \u00e0 l\u2019issue de la formation, attestant des comp\u00e9tences acquises ou du certificat obtenu.<\/p>\t\t\t\t\t\t\t\t<\/div>\n\t\t\t\t<\/div>\n\t\t\t\t\t<\/div>\n\t\t\t\t<\/div>\n\t\t\t\t\t<\/details>\n\t\t\t\t\t\t<details id=\"e-n-accordion-item-2645\" class=\"e-n-accordion-item\" >\n\t\t\t\t<summary class=\"e-n-accordion-item-title\" data-accordion-index=\"6\" tabindex=\"-1\" aria-expanded=\"false\" aria-controls=\"e-n-accordion-item-2645\" >\n\t\t\t\t\t<span class='e-n-accordion-item-title-header'><div class=\"e-n-accordion-item-title-text\"> Est-il possible d\u2019adapter le contenu de la formation aux besoins sp\u00e9cifiques de mon entreprise ? <\/div><\/span>\n\t\t\t\t\t\t\t<span class='e-n-accordion-item-title-icon'>\n\t\t\t<span class='e-opened' ><svg aria-hidden=\"true\" class=\"e-font-icon-svg e-fas-minus\" viewbox=\"0 0 448 512\" xmlns=\"http:\/\/www.w3.org\/2000\/svg\"><path d=\"M416 208H32c-17.67 0-32 14.33-32 32v32c0 17.67 14.33 32 32 32h384c17.67 0 32-14.33 32-32v-32c0-17.67-14.33-32-32-32z\"><\/path><\/svg><\/span>\n\t\t\t<span class='e-closed'><svg aria-hidden=\"true\" class=\"e-font-icon-svg e-fas-plus\" viewbox=\"0 0 448 512\" xmlns=\"http:\/\/www.w3.org\/2000\/svg\"><path d=\"M416 208H272V64c0-17.67-14.33-32-32-32h-32c-17.67 0-32 14.33-32 32v144H32c-17.67 0-32 14.33-32 32v32c0 17.67 14.33 32 32 32h144v144c0 17.67 14.33 32 32 32h32c17.67 0 32-14.33 32-32V304h144c17.67 0 32-14.33 32-32v-32c0-17.67-14.33-32-32-32z\"><\/path><\/svg><\/span>\n\t\t<\/span>\n\n\t\t\t\t\t\t<\/summary>\n\t\t\t\t<div role=\"region\" aria-labelledby=\"e-n-accordion-item-2645\" class=\"elementor-element elementor-element-65e1299 e-flex e-con-boxed e-con e-child\" data-id=\"65e1299\" data-element_type=\"container\">\n\t\t\t\t\t<div class=\"e-con-inner\">\n\t\t\t\t<div class=\"elementor-element elementor-element-c7802dd elementor-widget elementor-widget-text-editor\" data-id=\"c7802dd\" data-element_type=\"widget\" data-widget_type=\"text-editor.default\">\n\t\t\t\t<div class=\"elementor-widget-container\">\n\t\t\t\t\t\t\t\t\t<p><strong data-start=\"72\" data-end=\"162\">Oui, pour les formations non certifiantes dont le programme est fix\u00e9 par les autorit\u00e9s comp\u00e9tentes, les programmes peuvent \u00eatre adapt\u00e9es aux sp\u00e9cificit\u00e9s de votre entreprise.<\/strong><\/p><p><br data-start=\"162\" data-end=\"165\" \/>Nous analysons en amont vos besoins, vos contraintes et vos risques professionnels afin de personnaliser le contenu, les exemples pratiques et les mises en situation.<br data-start=\"331\" data-end=\"334\" \/>Cette approche sur mesure permet de garantir une formation concr\u00e8te, directement applicable par vos collaborateurs dans leur environnement de travail.<\/p>\t\t\t\t\t\t\t\t<\/div>\n\t\t\t\t<\/div>\n\t\t\t\t\t<\/div>\n\t\t\t\t<\/div>\n\t\t\t\t\t<\/details>\n\t\t\t\t\t<\/div>\n\t\t\t\t\t\t<\/div>\n\t\t\t\t<\/div>\n\t\t\t\t\t<\/div>\n\t\t\t\t<\/div>\n\t\t<div class=\"elementor-element elementor-element-65e916d e-flex e-con-boxed e-con e-parent\" data-id=\"65e916d\" data-element_type=\"container\">\n\t\t\t\t\t<div class=\"e-con-inner\">\n\t\t\t\t<div class=\"elementor-element elementor-element-c767023 elementor-widget elementor-widget-heading\" data-id=\"c767023\" data-element_type=\"widget\" data-widget_type=\"heading.default\">\n\t\t\t\t<div class=\"elementor-widget-container\">\n\t\t\t\t\t<h2 class=\"elementor-heading-title elementor-size-default\"><font color=\"#000000\"><span>Inscriptions &amp; Tarifs<\/span><\/font><\/h2>\t\t\t\t<\/div>\n\t\t\t\t<\/div>\n\t\t\t\t<div class=\"elementor-element elementor-element-f792ff1 elementor-widget elementor-widget-text-editor\" data-id=\"f792ff1\" data-element_type=\"widget\" data-widget_type=\"text-editor.default\">\n\t\t\t\t<div class=\"elementor-widget-container\">\n\t\t\t\t\t\t\t\t\t<p><span style=\"caret-color: #000000; color: #000000; font-size: medium;\">Questions pratiques sur l\u2019inscription, les devis et la facturation<\/span><\/p>\t\t\t\t\t\t\t\t<\/div>\n\t\t\t\t<\/div>\n\t\t\t\t\t<\/div>\n\t\t\t\t<\/div>\n\t\t<div class=\"elementor-element elementor-element-5c37519 e-flex e-con-boxed e-con e-parent\" data-id=\"5c37519\" data-element_type=\"container\">\n\t\t\t\t\t<div class=\"e-con-inner\">\n\t\t\t\t<div class=\"elementor-element elementor-element-49c669d elementor-widget elementor-widget-n-accordion\" data-id=\"49c669d\" data-element_type=\"widget\" data-settings=\"{&quot;default_state&quot;:&quot;expanded&quot;,&quot;max_items_expended&quot;:&quot;one&quot;,&quot;n_accordion_animation_duration&quot;:{&quot;unit&quot;:&quot;ms&quot;,&quot;size&quot;:400,&quot;sizes&quot;:[]}}\" data-widget_type=\"nested-accordion.default\">\n\t\t\t\t<div class=\"elementor-widget-container\">\n\t\t\t\t\t\t\t<div class=\"e-n-accordion\" aria-label=\"Accordion. Open links with Enter or Space, close with Escape, and navigate with Arrow Keys\">\n\t\t\t\t\t\t<details id=\"e-n-accordion-item-7730\" class=\"e-n-accordion-item\" open>\n\t\t\t\t<summary class=\"e-n-accordion-item-title\" data-accordion-index=\"1\" tabindex=\"0\" aria-expanded=\"true\" aria-controls=\"e-n-accordion-item-7730\" >\n\t\t\t\t\t<span class='e-n-accordion-item-title-header'><div class=\"e-n-accordion-item-title-text\"> Comment puis-je m\u2019inscrire \u00e0 une formation ? <\/div><\/span>\n\t\t\t\t\t\t\t<span class='e-n-accordion-item-title-icon'>\n\t\t\t<span class='e-opened' ><svg aria-hidden=\"true\" class=\"e-font-icon-svg e-fas-minus\" viewbox=\"0 0 448 512\" xmlns=\"http:\/\/www.w3.org\/2000\/svg\"><path d=\"M416 208H32c-17.67 0-32 14.33-32 32v32c0 17.67 14.33 32 32 32h384c17.67 0 32-14.33 32-32v-32c0-17.67-14.33-32-32-32z\"><\/path><\/svg><\/span>\n\t\t\t<span class='e-closed'><svg aria-hidden=\"true\" class=\"e-font-icon-svg e-fas-plus\" viewbox=\"0 0 448 512\" xmlns=\"http:\/\/www.w3.org\/2000\/svg\"><path d=\"M416 208H272V64c0-17.67-14.33-32-32-32h-32c-17.67 0-32 14.33-32 32v144H32c-17.67 0-32 14.33-32 32v32c0 17.67 14.33 32 32 32h144v144c0 17.67 14.33 32 32 32h32c17.67 0 32-14.33 32-32V304h144c17.67 0 32-14.33 32-32v-32c0-17.67-14.33-32-32-32z\"><\/path><\/svg><\/span>\n\t\t<\/span>\n\n\t\t\t\t\t\t<\/summary>\n\t\t\t\t<div role=\"region\" aria-labelledby=\"e-n-accordion-item-7730\" class=\"elementor-element elementor-element-4ef0858 e-con-full e-flex e-con e-child\" data-id=\"4ef0858\" data-element_type=\"container\">\n\t\t\t\t<div class=\"elementor-element elementor-element-95fd409 elementor-widget elementor-widget-text-editor\" data-id=\"95fd409\" data-element_type=\"widget\" data-widget_type=\"text-editor.default\">\n\t\t\t\t<div class=\"elementor-widget-container\">\n\t\t\t\t\t\t\t\t\t<p>Nous<strong> proposons diff\u00e9rentes fa\u00e7on de vous inscrire \u00e0 nos formations:\u00a0<\/strong><\/p><ul><li>Via l&rsquo;onglet \u00ab\u00a0Calendrier\u00a0\u00bb de notre site internet vous pouvez effectuer des inscriptions individuelles (inter-entreprise) et de groupe \u00ab\u00a0intra-entreprise)<\/li><li>Via le formulaire de l&rsquo;espace \u00ab\u00a0Contact\u00a0\u00bb de notre site internet<\/li><li>Par t\u00e9l\u00e9phone au\u00a0<strong>\u202d+352 206 0561<\/strong>\u202c<\/li><li>Par mail \u00e0 <strong>Formation@ofsip.lu<\/strong><\/li><\/ul>\t\t\t\t\t\t\t\t<\/div>\n\t\t\t\t<\/div>\n\t\t\t\t<\/div>\n\t\t\t\t\t<\/details>\n\t\t\t\t\t\t<details id=\"e-n-accordion-item-7731\" class=\"e-n-accordion-item\" >\n\t\t\t\t<summary class=\"e-n-accordion-item-title\" data-accordion-index=\"2\" tabindex=\"-1\" aria-expanded=\"false\" aria-controls=\"e-n-accordion-item-7731\" >\n\t\t\t\t\t<span class='e-n-accordion-item-title-header'><div class=\"e-n-accordion-item-title-text\"> Proposez-vous des tarifs d\u00e9gressifs pour les groupes ou les entreprises ? <\/div><\/span>\n\t\t\t\t\t\t\t<span class='e-n-accordion-item-title-icon'>\n\t\t\t<span class='e-opened' ><svg aria-hidden=\"true\" class=\"e-font-icon-svg e-fas-minus\" viewbox=\"0 0 448 512\" xmlns=\"http:\/\/www.w3.org\/2000\/svg\"><path d=\"M416 208H32c-17.67 0-32 14.33-32 32v32c0 17.67 14.33 32 32 32h384c17.67 0 32-14.33 32-32v-32c0-17.67-14.33-32-32-32z\"><\/path><\/svg><\/span>\n\t\t\t<span class='e-closed'><svg aria-hidden=\"true\" class=\"e-font-icon-svg e-fas-plus\" viewbox=\"0 0 448 512\" xmlns=\"http:\/\/www.w3.org\/2000\/svg\"><path d=\"M416 208H272V64c0-17.67-14.33-32-32-32h-32c-17.67 0-32 14.33-32 32v144H32c-17.67 0-32 14.33-32 32v32c0 17.67 14.33 32 32 32h144v144c0 17.67 14.33 32 32 32h32c17.67 0 32-14.33 32-32V304h144c17.67 0 32-14.33 32-32v-32c0-17.67-14.33-32-32-32z\"><\/path><\/svg><\/span>\n\t\t<\/span>\n\n\t\t\t\t\t\t<\/summary>\n\t\t\t\t<div role=\"region\" aria-labelledby=\"e-n-accordion-item-7731\" class=\"elementor-element elementor-element-16426db e-con-full e-flex e-con e-child\" data-id=\"16426db\" data-element_type=\"container\">\n\t\t\t\t<div class=\"elementor-element elementor-element-28da3df elementor-widget elementor-widget-text-editor\" data-id=\"28da3df\" data-element_type=\"widget\" data-widget_type=\"text-editor.default\">\n\t\t\t\t<div class=\"elementor-widget-container\">\n\t\t\t\t\t\t\t\t\t<p><strong data-start=\"67\" data-end=\"149\">Oui, nous proposons des tarifs d\u00e9gressifs pour les groupes et les entreprises.<\/strong><br data-start=\"149\" data-end=\"152\" \/>Les conditions varient en fonction du nombre de participants et du type de formation choisi. Nous \u00e9tablissons toujours un devis personnalis\u00e9, afin d\u2019offrir la solution la plus adapt\u00e9e \u00e0 vos besoins et \u00e0 votre budget.<\/p><p><strong data-start=\"79\" data-end=\"332\">De mani\u00e8re g\u00e9n\u00e9rale, le tarif est toujours plus avantageux pour une session en intra-entreprise que pour plusieurs inscriptions en inter-entreprises. De plus, selon le nombre de sessions command\u00e9es, une remise est appliqu\u00e9e (10 % d\u00e8s la 3\u1d49 session).<\/strong><\/p><p>N&rsquo;h\u00e9sitez pas \u00e0 nous envoyer un mail ou un message afin de recevoir notre Grille Tarifaire d\u00e9taill\u00e9e<\/p>\t\t\t\t\t\t\t\t<\/div>\n\t\t\t\t<\/div>\n\t\t\t\t<\/div>\n\t\t\t\t\t<\/details>\n\t\t\t\t\t\t<details id=\"e-n-accordion-item-7732\" class=\"e-n-accordion-item\" >\n\t\t\t\t<summary class=\"e-n-accordion-item-title\" data-accordion-index=\"3\" tabindex=\"-1\" aria-expanded=\"false\" aria-controls=\"e-n-accordion-item-7732\" >\n\t\t\t\t\t<span class='e-n-accordion-item-title-header'><div class=\"e-n-accordion-item-title-text\"> Les formations peuvent-elles \u00eatre financ\u00e9es ou prises en charge ? <\/div><\/span>\n\t\t\t\t\t\t\t<span class='e-n-accordion-item-title-icon'>\n\t\t\t<span class='e-opened' ><svg aria-hidden=\"true\" class=\"e-font-icon-svg e-fas-minus\" viewbox=\"0 0 448 512\" xmlns=\"http:\/\/www.w3.org\/2000\/svg\"><path d=\"M416 208H32c-17.67 0-32 14.33-32 32v32c0 17.67 14.33 32 32 32h384c17.67 0 32-14.33 32-32v-32c0-17.67-14.33-32-32-32z\"><\/path><\/svg><\/span>\n\t\t\t<span class='e-closed'><svg aria-hidden=\"true\" class=\"e-font-icon-svg e-fas-plus\" viewbox=\"0 0 448 512\" xmlns=\"http:\/\/www.w3.org\/2000\/svg\"><path d=\"M416 208H272V64c0-17.67-14.33-32-32-32h-32c-17.67 0-32 14.33-32 32v144H32c-17.67 0-32 14.33-32 32v32c0 17.67 14.33 32 32 32h144v144c0 17.67 14.33 32 32 32h32c17.67 0 32-14.33 32-32V304h144c17.67 0 32-14.33 32-32v-32c0-17.67-14.33-32-32-32z\"><\/path><\/svg><\/span>\n\t\t<\/span>\n\n\t\t\t\t\t\t<\/summary>\n\t\t\t\t<div role=\"region\" aria-labelledby=\"e-n-accordion-item-7732\" class=\"elementor-element elementor-element-e24b2b2 e-con-full e-flex e-con e-child\" data-id=\"e24b2b2\" data-element_type=\"container\">\n\t\t\t\t<div class=\"elementor-element elementor-element-5cdf7ca elementor-widget elementor-widget-text-editor\" data-id=\"5cdf7ca\" data-element_type=\"widget\" data-widget_type=\"text-editor.default\">\n\t\t\t\t<div class=\"elementor-widget-container\">\n\t\t\t\t\t\t\t\t\t<p><strong data-start=\"48\" data-end=\"124\">Oui, toutes nos formations sont \u00e9ligibles aux cofinancements de l\u2019INFPC.<\/strong><\/p><p>De plus, OFSIP est agr\u00e9\u00e9 par le <strong data-start=\"159\" data-end=\"200\">Service National de la Jeunesse (SNJ)<\/strong> pour les formations dispens\u00e9es dans le secteur de la Jeunesse et de la Petite Enfance, garantissant leur reconnaissance officielle et leur prise en charge.<\/p>\t\t\t\t\t\t\t\t<\/div>\n\t\t\t\t<\/div>\n\t\t\t\t<\/div>\n\t\t\t\t\t<\/details>\n\t\t\t\t\t\t<details id=\"e-n-accordion-item-7733\" class=\"e-n-accordion-item\" >\n\t\t\t\t<summary class=\"e-n-accordion-item-title\" data-accordion-index=\"4\" tabindex=\"-1\" aria-expanded=\"false\" aria-controls=\"e-n-accordion-item-7733\" >\n\t\t\t\t\t<span class='e-n-accordion-item-title-header'><div class=\"e-n-accordion-item-title-text\"> Sous quel d\u00e9lai dois-je m\u2019inscrire avant le d\u00e9but d\u2019une formation ? <\/div><\/span>\n\t\t\t\t\t\t\t<span class='e-n-accordion-item-title-icon'>\n\t\t\t<span class='e-opened' ><svg aria-hidden=\"true\" class=\"e-font-icon-svg e-fas-minus\" viewbox=\"0 0 448 512\" xmlns=\"http:\/\/www.w3.org\/2000\/svg\"><path d=\"M416 208H32c-17.67 0-32 14.33-32 32v32c0 17.67 14.33 32 32 32h384c17.67 0 32-14.33 32-32v-32c0-17.67-14.33-32-32-32z\"><\/path><\/svg><\/span>\n\t\t\t<span class='e-closed'><svg aria-hidden=\"true\" class=\"e-font-icon-svg e-fas-plus\" viewbox=\"0 0 448 512\" xmlns=\"http:\/\/www.w3.org\/2000\/svg\"><path d=\"M416 208H272V64c0-17.67-14.33-32-32-32h-32c-17.67 0-32 14.33-32 32v144H32c-17.67 0-32 14.33-32 32v32c0 17.67 14.33 32 32 32h144v144c0 17.67 14.33 32 32 32h32c17.67 0 32-14.33 32-32V304h144c17.67 0 32-14.33 32-32v-32c0-17.67-14.33-32-32-32z\"><\/path><\/svg><\/span>\n\t\t<\/span>\n\n\t\t\t\t\t\t<\/summary>\n\t\t\t\t<div role=\"region\" aria-labelledby=\"e-n-accordion-item-7733\" class=\"elementor-element elementor-element-fcb6dd4 e-flex e-con-boxed e-con e-child\" data-id=\"fcb6dd4\" data-element_type=\"container\">\n\t\t\t\t\t<div class=\"e-con-inner\">\n\t\t\t\t<div class=\"elementor-element elementor-element-bab9091 elementor-widget elementor-widget-text-editor\" data-id=\"bab9091\" data-element_type=\"widget\" data-widget_type=\"text-editor.default\">\n\t\t\t\t<div class=\"elementor-widget-container\">\n\t\t\t\t\t\t\t\t\t<p><strong data-start=\"85\" data-end=\"178\">Les inscriptions sont possibles jusqu\u2019\u00e0 24 heures ouvr\u00e9es avant le d\u00e9but de la formation.<\/strong><br data-start=\"178\" data-end=\"181\" \/>Cependant, ce d\u00e9lai d\u00e9pend du taux de remplissage de la session : d\u00e8s qu\u2019une session est compl\u00e8te, les inscriptions sont cl\u00f4tur\u00e9es. Nous vous conseillons donc de r\u00e9server votre place le plus t\u00f4t possible.<\/p>\t\t\t\t\t\t\t\t<\/div>\n\t\t\t\t<\/div>\n\t\t\t\t\t<\/div>\n\t\t\t\t<\/div>\n\t\t\t\t\t<\/details>\n\t\t\t\t\t<\/div>\n\t\t\t\t\t\t<\/div>\n\t\t\t\t<\/div>\n\t\t\t\t\t<\/div>\n\t\t\t\t<\/div>\n\t\t<div class=\"elementor-element elementor-element-8ff1d6f e-flex e-con-boxed e-con e-parent\" data-id=\"8ff1d6f\" data-element_type=\"container\">\n\t\t\t\t\t<div class=\"e-con-inner\">\n\t\t\t\t<div class=\"elementor-element elementor-element-6dd3c82 elementor-widget elementor-widget-heading\" data-id=\"6dd3c82\" data-element_type=\"widget\" data-widget_type=\"heading.default\">\n\t\t\t\t<div class=\"elementor-widget-container\">\n\t\t\t\t\t<h2 class=\"elementor-heading-title elementor-size-default\">Obligations l\u00e9gales<\/h2>\t\t\t\t<\/div>\n\t\t\t\t<\/div>\n\t\t\t\t<div class=\"elementor-element elementor-element-afde647 elementor-widget elementor-widget-text-editor\" data-id=\"afde647\" data-element_type=\"widget\" data-widget_type=\"text-editor.default\">\n\t\t\t\t<div class=\"elementor-widget-container\">\n\t\t\t\t\t\t\t\t\t<p>R\u00e9ponses concernant la r\u00e9glementation en mati\u00e8re de sant\u00e9 et s\u00e9curit\u00e9 au travail.<\/p>\t\t\t\t\t\t\t\t<\/div>\n\t\t\t\t<\/div>\n\t\t\t\t\t<\/div>\n\t\t\t\t<\/div>\n\t\t<div class=\"elementor-element elementor-element-54b76f4 e-flex e-con-boxed e-con e-parent\" data-id=\"54b76f4\" data-element_type=\"container\">\n\t\t\t\t\t<div class=\"e-con-inner\">\n\t\t\t\t<div class=\"elementor-element elementor-element-7439280 elementor-widget elementor-widget-n-accordion\" data-id=\"7439280\" data-element_type=\"widget\" data-settings=\"{&quot;default_state&quot;:&quot;expanded&quot;,&quot;max_items_expended&quot;:&quot;one&quot;,&quot;n_accordion_animation_duration&quot;:{&quot;unit&quot;:&quot;ms&quot;,&quot;size&quot;:400,&quot;sizes&quot;:[]}}\" data-widget_type=\"nested-accordion.default\">\n\t\t\t\t<div class=\"elementor-widget-container\">\n\t\t\t\t\t\t\t<div class=\"e-n-accordion\" aria-label=\"Accordion. Open links with Enter or Space, close with Escape, and navigate with Arrow Keys\">\n\t\t\t\t\t\t<details id=\"e-n-accordion-item-1210\" class=\"e-n-accordion-item\" open>\n\t\t\t\t<summary class=\"e-n-accordion-item-title\" data-accordion-index=\"1\" tabindex=\"0\" aria-expanded=\"true\" aria-controls=\"e-n-accordion-item-1210\" >\n\t\t\t\t\t<span class='e-n-accordion-item-title-header'><div class=\"e-n-accordion-item-title-text\"> Mon entreprise est-elle oblig\u00e9e de d\u00e9signer un Travailleur D\u00e9sign\u00e9 au Luxembourg ? <\/div><\/span>\n\t\t\t\t\t\t\t<span class='e-n-accordion-item-title-icon'>\n\t\t\t<span class='e-opened' ><svg aria-hidden=\"true\" class=\"e-font-icon-svg e-fas-minus\" viewbox=\"0 0 448 512\" xmlns=\"http:\/\/www.w3.org\/2000\/svg\"><path d=\"M416 208H32c-17.67 0-32 14.33-32 32v32c0 17.67 14.33 32 32 32h384c17.67 0 32-14.33 32-32v-32c0-17.67-14.33-32-32-32z\"><\/path><\/svg><\/span>\n\t\t\t<span class='e-closed'><svg aria-hidden=\"true\" class=\"e-font-icon-svg e-fas-plus\" viewbox=\"0 0 448 512\" xmlns=\"http:\/\/www.w3.org\/2000\/svg\"><path d=\"M416 208H272V64c0-17.67-14.33-32-32-32h-32c-17.67 0-32 14.33-32 32v144H32c-17.67 0-32 14.33-32 32v32c0 17.67 14.33 32 32 32h144v144c0 17.67 14.33 32 32 32h32c17.67 0 32-14.33 32-32V304h144c17.67 0 32-14.33 32-32v-32c0-17.67-14.33-32-32-32z\"><\/path><\/svg><\/span>\n\t\t<\/span>\n\n\t\t\t\t\t\t<\/summary>\n\t\t\t\t<div role=\"region\" aria-labelledby=\"e-n-accordion-item-1210\" class=\"elementor-element elementor-element-042900f e-con-full e-flex e-con e-child\" data-id=\"042900f\" data-element_type=\"container\">\n\t\t\t\t<div class=\"elementor-element elementor-element-e3955c9 elementor-widget elementor-widget-text-editor\" data-id=\"e3955c9\" data-element_type=\"widget\" data-widget_type=\"text-editor.default\">\n\t\t\t\t<div class=\"elementor-widget-container\">\n\t\t\t\t\t\t\t\t\t<p data-start=\"74\" data-end=\"416\"><strong data-start=\"74\" data-end=\"237\">Oui, toutes les entreprises \u00e9tablies au Luxembourg ont l\u2019obligation de d\u00e9signer un Travailleur D\u00e9sign\u00e9, quel que soit leur secteur d\u2019activit\u00e9 ou leur effectif.<\/strong><br data-start=\"237\" data-end=\"240\" \/>Cette obligation d\u00e9coule du Code du travail et du r\u00e8glement grand-ducal du <strong data-start=\"315\" data-end=\"330\">9 juin 2006<\/strong> relatif \u00e0 l\u2019organisation de la s\u00e9curit\u00e9 et de la sant\u00e9 des travailleurs au travail.<\/p><p data-start=\"418\" data-end=\"775\">Le Travailleur D\u00e9sign\u00e9 est charg\u00e9 de conseiller l\u2019employeur et de contribuer \u00e0 la mise en \u0153uvre des mesures de pr\u00e9vention et de protection de la sant\u00e9 et de la s\u00e9curit\u00e9 au sein de l\u2019entreprise.<\/p><p data-start=\"418\" data-end=\"775\">Si l\u2019entreprise ne dispose pas en interne de salari\u00e9 comp\u00e9tent et disponible, elle peut externaliser cette mission aupr\u00e8s d\u2019un organisme agr\u00e9\u00e9 comme <strong data-start=\"763\" data-end=\"772\">OFSIP<\/strong>.<\/p>\t\t\t\t\t\t\t\t<\/div>\n\t\t\t\t<\/div>\n\t\t\t\t<\/div>\n\t\t\t\t\t<\/details>\n\t\t\t\t\t\t<details id=\"e-n-accordion-item-1211\" class=\"e-n-accordion-item\" >\n\t\t\t\t<summary class=\"e-n-accordion-item-title\" data-accordion-index=\"2\" tabindex=\"-1\" aria-expanded=\"false\" aria-controls=\"e-n-accordion-item-1211\" >\n\t\t\t\t\t<span class='e-n-accordion-item-title-header'><div class=\"e-n-accordion-item-title-text\"> \u00c0 quelle fr\u00e9quence les exercices d\u2019\u00e9vacuation doivent-ils \u00eatre r\u00e9alis\u00e9s ? <\/div><\/span>\n\t\t\t\t\t\t\t<span class='e-n-accordion-item-title-icon'>\n\t\t\t<span class='e-opened' ><svg aria-hidden=\"true\" class=\"e-font-icon-svg e-fas-minus\" viewbox=\"0 0 448 512\" xmlns=\"http:\/\/www.w3.org\/2000\/svg\"><path d=\"M416 208H32c-17.67 0-32 14.33-32 32v32c0 17.67 14.33 32 32 32h384c17.67 0 32-14.33 32-32v-32c0-17.67-14.33-32-32-32z\"><\/path><\/svg><\/span>\n\t\t\t<span class='e-closed'><svg aria-hidden=\"true\" class=\"e-font-icon-svg e-fas-plus\" viewbox=\"0 0 448 512\" xmlns=\"http:\/\/www.w3.org\/2000\/svg\"><path d=\"M416 208H272V64c0-17.67-14.33-32-32-32h-32c-17.67 0-32 14.33-32 32v144H32c-17.67 0-32 14.33-32 32v32c0 17.67 14.33 32 32 32h144v144c0 17.67 14.33 32 32 32h32c17.67 0 32-14.33 32-32V304h144c17.67 0 32-14.33 32-32v-32c0-17.67-14.33-32-32-32z\"><\/path><\/svg><\/span>\n\t\t<\/span>\n\n\t\t\t\t\t\t<\/summary>\n\t\t\t\t<div role=\"region\" aria-labelledby=\"e-n-accordion-item-1211\" class=\"elementor-element elementor-element-9556b50 e-con-full e-flex e-con e-child\" data-id=\"9556b50\" data-element_type=\"container\">\n\t\t\t\t<div class=\"elementor-element elementor-element-d4cc7cd elementor-widget elementor-widget-text-editor\" data-id=\"d4cc7cd\" data-element_type=\"widget\" data-widget_type=\"text-editor.default\">\n\t\t\t\t<div class=\"elementor-widget-container\">\n\t\t\t\t\t\t\t\t\t<p data-start=\"72\" data-end=\"446\"><strong data-start=\"72\" data-end=\"185\">Au Luxembourg, un exercice d\u2019\u00e9vacuation doit \u00eatre r\u00e9alis\u00e9 au moins une fois par an dans chaque \u00e9tablissement.<\/strong><br data-start=\"185\" data-end=\"188\" \/>Cette obligation d\u00e9coule du r\u00e8glement grand-ducal du <strong data-start=\"241\" data-end=\"257\">19 mars 2015<\/strong> relatif \u00e0 la s\u00e9curit\u00e9 dans les b\u00e2timents, qui impose aux employeurs de tester r\u00e9guli\u00e8rement les proc\u00e9dures d\u2019\u00e9vacuation et de former le personnel \u00e0 la conduite \u00e0 tenir en cas d\u2019incendie.<\/p><p data-start=\"448\" data-end=\"699\">En pratique, il est recommand\u00e9 d\u2019organiser ces exercices <strong data-start=\"505\" data-end=\"532\">une fois par an minimum<\/strong>, et davantage dans les \u00e9tablissements recevant du public ou pr\u00e9sentant des risques sp\u00e9cifiques, afin de garantir la r\u00e9activit\u00e9 et la s\u00e9curit\u00e9 de tous les occupants.<\/p>\t\t\t\t\t\t\t\t<\/div>\n\t\t\t\t<\/div>\n\t\t\t\t<\/div>\n\t\t\t\t\t<\/details>\n\t\t\t\t\t\t<details id=\"e-n-accordion-item-1212\" class=\"e-n-accordion-item\" >\n\t\t\t\t<summary class=\"e-n-accordion-item-title\" data-accordion-index=\"3\" tabindex=\"-1\" aria-expanded=\"false\" aria-controls=\"e-n-accordion-item-1212\" >\n\t\t\t\t\t<span class='e-n-accordion-item-title-header'><div class=\"e-n-accordion-item-title-text\"> Quels sont les \u00e9quipements de s\u00e9curit\u00e9 obligatoires dans une entreprise au Luxembourg (extincteurs, DAE, trousses de secours, etc.) ? <\/div><\/span>\n\t\t\t\t\t\t\t<span class='e-n-accordion-item-title-icon'>\n\t\t\t<span class='e-opened' ><svg aria-hidden=\"true\" class=\"e-font-icon-svg e-fas-minus\" viewbox=\"0 0 448 512\" xmlns=\"http:\/\/www.w3.org\/2000\/svg\"><path d=\"M416 208H32c-17.67 0-32 14.33-32 32v32c0 17.67 14.33 32 32 32h384c17.67 0 32-14.33 32-32v-32c0-17.67-14.33-32-32-32z\"><\/path><\/svg><\/span>\n\t\t\t<span class='e-closed'><svg aria-hidden=\"true\" class=\"e-font-icon-svg e-fas-plus\" viewbox=\"0 0 448 512\" xmlns=\"http:\/\/www.w3.org\/2000\/svg\"><path d=\"M416 208H272V64c0-17.67-14.33-32-32-32h-32c-17.67 0-32 14.33-32 32v144H32c-17.67 0-32 14.33-32 32v32c0 17.67 14.33 32 32 32h144v144c0 17.67 14.33 32 32 32h32c17.67 0 32-14.33 32-32V304h144c17.67 0 32-14.33 32-32v-32c0-17.67-14.33-32-32-32z\"><\/path><\/svg><\/span>\n\t\t<\/span>\n\n\t\t\t\t\t\t<\/summary>\n\t\t\t\t<div role=\"region\" aria-labelledby=\"e-n-accordion-item-1212\" class=\"elementor-element elementor-element-fcdf37b e-con-full e-flex e-con e-child\" data-id=\"fcdf37b\" data-element_type=\"container\">\n\t\t\t\t<div class=\"elementor-element elementor-element-020edc3 elementor-widget elementor-widget-text-editor\" data-id=\"020edc3\" data-element_type=\"widget\" data-widget_type=\"text-editor.default\">\n\t\t\t\t<div class=\"elementor-widget-container\">\n\t\t\t\t\t\t\t\t\t<p data-start=\"285\" data-end=\"403\"><strong data-start=\"285\" data-end=\"366\">Chaque entreprise doit mettre en place des \u00e9quipements adapt\u00e9s \u00e0 ses risques.<\/strong><br data-start=\"366\" data-end=\"369\" \/>Les obligations minimales sont :<\/p><ul data-start=\"405\" data-end=\"867\"><li data-start=\"405\" data-end=\"572\"><p data-start=\"407\" data-end=\"572\"><strong data-start=\"407\" data-end=\"432\">Extincteurs portatifs<\/strong> : ils doivent \u00eatre pr\u00e9sents en nombre suffisant, accessibles, conformes \u00e0 la norme EN 3 et contr\u00f4l\u00e9s chaque ann\u00e9e par un organisme agr\u00e9\u00e9.<\/p><\/li><li data-start=\"573\" data-end=\"706\"><p data-start=\"575\" data-end=\"706\"><strong data-start=\"575\" data-end=\"596\">Issues de secours<\/strong> : elles doivent \u00eatre d\u00e9gag\u00e9es, clairement signal\u00e9es et, si n\u00e9cessaire, \u00e9quip\u00e9es d\u2019un \u00e9clairage de s\u00e9curit\u00e9.<\/p><\/li><li data-start=\"707\" data-end=\"867\"><p data-start=\"709\" data-end=\"867\"><strong data-start=\"709\" data-end=\"740\">Trousse de premiers secours<\/strong> : obligatoire dans tous les \u00e9tablissements, avec un contenu adapt\u00e9 \u00e0 la taille de l\u2019entreprise et aux risques de l\u2019activit\u00e9.<\/p><\/li><\/ul><p data-start=\"869\" data-end=\"1074\">Le d\u00e9fibrillateur automatis\u00e9 externe (DAE) n\u2019est pas obligatoire dans toutes les entreprises, mais il est fortement recommand\u00e9 dans les lieux recevant du public ou pr\u00e9sentant des risques particuliers.<\/p><p data-start=\"1076\" data-end=\"1166\">Base l\u00e9gale : R\u00e8glement grand-ducal du 4 novembre 1994 et Code du travail, Livre III.<\/p>\t\t\t\t\t\t\t\t<\/div>\n\t\t\t\t<\/div>\n\t\t\t\t<\/div>\n\t\t\t\t\t<\/details>\n\t\t\t\t\t\t<details id=\"e-n-accordion-item-1213\" class=\"e-n-accordion-item\" >\n\t\t\t\t<summary class=\"e-n-accordion-item-title\" data-accordion-index=\"4\" tabindex=\"-1\" aria-expanded=\"false\" aria-controls=\"e-n-accordion-item-1213\" >\n\t\t\t\t\t<span class='e-n-accordion-item-title-header'><div class=\"e-n-accordion-item-title-text\"> Les membres du CSE ou de la d\u00e9l\u00e9gation du personnel doivent-ils suivre une formation obligatoire en sant\u00e9 et s\u00e9curit\u00e9 ? <\/div><\/span>\n\t\t\t\t\t\t\t<span class='e-n-accordion-item-title-icon'>\n\t\t\t<span class='e-opened' ><svg aria-hidden=\"true\" class=\"e-font-icon-svg e-fas-minus\" viewbox=\"0 0 448 512\" xmlns=\"http:\/\/www.w3.org\/2000\/svg\"><path d=\"M416 208H32c-17.67 0-32 14.33-32 32v32c0 17.67 14.33 32 32 32h384c17.67 0 32-14.33 32-32v-32c0-17.67-14.33-32-32-32z\"><\/path><\/svg><\/span>\n\t\t\t<span class='e-closed'><svg aria-hidden=\"true\" class=\"e-font-icon-svg e-fas-plus\" viewbox=\"0 0 448 512\" xmlns=\"http:\/\/www.w3.org\/2000\/svg\"><path d=\"M416 208H272V64c0-17.67-14.33-32-32-32h-32c-17.67 0-32 14.33-32 32v144H32c-17.67 0-32 14.33-32 32v32c0 17.67 14.33 32 32 32h144v144c0 17.67 14.33 32 32 32h32c17.67 0 32-14.33 32-32V304h144c17.67 0 32-14.33 32-32v-32c0-17.67-14.33-32-32-32z\"><\/path><\/svg><\/span>\n\t\t<\/span>\n\n\t\t\t\t\t\t<\/summary>\n\t\t\t\t<div role=\"region\" aria-labelledby=\"e-n-accordion-item-1213\" class=\"elementor-element elementor-element-cb306b9 e-flex e-con-boxed e-con e-child\" data-id=\"cb306b9\" data-element_type=\"container\">\n\t\t\t\t\t<div class=\"e-con-inner\">\n\t\t\t\t<div class=\"elementor-element elementor-element-eb7a62b elementor-widget elementor-widget-text-editor\" data-id=\"eb7a62b\" data-element_type=\"widget\" data-widget_type=\"text-editor.default\">\n\t\t\t\t<div class=\"elementor-widget-container\">\n\t\t\t\t\t\t\t\t\t<p><strong style=\"caret-color: #000000; color: #000000;\" data-start=\"0\" data-end=\"201\" data-is-only-node=\"\">Oui. <\/strong><\/p><p>Les membres du CSE \u00a0doivent b\u00e9n\u00e9ficier d\u2019une formation obligatoire, adapt\u00e9e et prise en charge par l\u2019employeur.<\/p>\t\t\t\t\t\t\t\t<\/div>\n\t\t\t\t<\/div>\n\t\t\t\t\t<\/div>\n\t\t\t\t<\/div>\n\t\t\t\t\t<\/details>\n\t\t\t\t\t\t<details id=\"e-n-accordion-item-1214\" class=\"e-n-accordion-item\" >\n\t\t\t\t<summary class=\"e-n-accordion-item-title\" data-accordion-index=\"5\" tabindex=\"-1\" aria-expanded=\"false\" aria-controls=\"e-n-accordion-item-1214\" >\n\t\t\t\t\t<span class='e-n-accordion-item-title-header'><div class=\"e-n-accordion-item-title-text\"> La formation en secourisme est-elle obligatoire dans toutes les entreprises ? <\/div><\/span>\n\t\t\t\t\t\t\t<span class='e-n-accordion-item-title-icon'>\n\t\t\t<span class='e-opened' ><svg aria-hidden=\"true\" class=\"e-font-icon-svg e-fas-minus\" viewbox=\"0 0 448 512\" xmlns=\"http:\/\/www.w3.org\/2000\/svg\"><path d=\"M416 208H32c-17.67 0-32 14.33-32 32v32c0 17.67 14.33 32 32 32h384c17.67 0 32-14.33 32-32v-32c0-17.67-14.33-32-32-32z\"><\/path><\/svg><\/span>\n\t\t\t<span class='e-closed'><svg aria-hidden=\"true\" class=\"e-font-icon-svg e-fas-plus\" viewbox=\"0 0 448 512\" xmlns=\"http:\/\/www.w3.org\/2000\/svg\"><path d=\"M416 208H272V64c0-17.67-14.33-32-32-32h-32c-17.67 0-32 14.33-32 32v144H32c-17.67 0-32 14.33-32 32v32c0 17.67 14.33 32 32 32h144v144c0 17.67 14.33 32 32 32h32c17.67 0 32-14.33 32-32V304h144c17.67 0 32-14.33 32-32v-32c0-17.67-14.33-32-32-32z\"><\/path><\/svg><\/span>\n\t\t<\/span>\n\n\t\t\t\t\t\t<\/summary>\n\t\t\t\t<div role=\"region\" aria-labelledby=\"e-n-accordion-item-1214\" class=\"elementor-element elementor-element-ee31a7a e-flex e-con-boxed e-con e-child\" data-id=\"ee31a7a\" data-element_type=\"container\">\n\t\t\t\t\t<div class=\"e-con-inner\">\n\t\t\t\t<div class=\"elementor-element elementor-element-846c457 elementor-widget elementor-widget-text-editor\" data-id=\"846c457\" data-element_type=\"widget\" data-widget_type=\"text-editor.default\">\n\t\t\t\t<div class=\"elementor-widget-container\">\n\t\t\t\t\t\t\t\t\t<p data-start=\"254\" data-end=\"525\">Oui, l\u2019obligation est fix\u00e9e par le <strong data-start=\"284\" data-end=\"328\">r\u00e8glement grand-ducal du 4 novembre 1994<\/strong> relatif \u00e0 la s\u00e9curit\u00e9 et \u00e0 la sant\u00e9 des travailleurs au travail, <strong data-start=\"394\" data-end=\"491\">annexe I, point 10 : Premiers secours, lutte contre l\u2019incendie et \u00e9vacuation des travailleurs<\/strong>.<\/p><p data-start=\"254\" data-end=\"525\">Il impose \u00e0 l\u2019employeur de :<\/p><ul data-start=\"526\" data-end=\"696\"><li data-start=\"526\" data-end=\"615\"><p data-start=\"528\" data-end=\"615\">d\u00e9signer des travailleurs charg\u00e9s de mettre en \u0153uvre les mesures de premiers secours,<\/p><\/li><li data-start=\"616\" data-end=\"696\"><p data-start=\"618\" data-end=\"696\">et de leur donner une <strong data-start=\"640\" data-end=\"693\">formation appropri\u00e9e et renouvel\u00e9e p\u00e9riodiquement<\/strong>.<\/p><\/li><\/ul><p data-start=\"698\" data-end=\"902\">Cette obligation est reprise dans le <strong data-start=\"738\" data-end=\"775\">Code du travail, article L. 312-4<\/strong>, qui pr\u00e9cise que l\u2019employeur doit assurer la formation en sant\u00e9 et s\u00e9curit\u00e9 des d\u00e9l\u00e9gu\u00e9s, y compris pour les premiers secours.<\/p><h5 data-start=\"909\" data-end=\"951\">Pourcentage de secouristes \u00e0 former<\/h5><p data-start=\"952\" data-end=\"994\">La <strong data-start=\"955\" data-end=\"972\">r\u00e8gle de base<\/strong> au Luxembourg est :<\/p><ul data-start=\"995\" data-end=\"1074\"><li data-start=\"995\" data-end=\"1074\"><p data-start=\"997\" data-end=\"1074\"><strong data-start=\"997\" data-end=\"1053\">1 secouriste pour 20 salari\u00e9s pr\u00e9sents simultan\u00e9ment<\/strong> dans l\u2019entreprise.<\/p><\/li><\/ul><p data-start=\"1076\" data-end=\"1346\">Cette r\u00e8gle est issue des recommandations du <strong data-start=\"1121\" data-end=\"1130\">CGDIS<\/strong>\u00a0 et figure dans les lignes directrices luxembourgeoises relatives aux premiers secours en entreprise (conform\u00e9ment \u00e0 l\u2019application de l\u2019article 10 du r\u00e8glement grand-ducal pr\u00e9cit\u00e9).<\/p>\t\t\t\t\t\t\t\t<\/div>\n\t\t\t\t<\/div>\n\t\t\t\t\t<\/div>\n\t\t\t\t<\/div>\n\t\t\t\t\t<\/details>\n\t\t\t\t\t<\/div>\n\t\t\t\t\t\t<\/div>\n\t\t\t\t<\/div>\n\t\t\t\t<div class=\"elementor-element elementor-element-b382250 elementor-widget elementor-widget-heading\" data-id=\"b382250\" data-element_type=\"widget\" data-widget_type=\"heading.default\">\n\t\t\t\t<div class=\"elementor-widget-container\">\n\t\t\t\t\t<h2 class=\"elementor-heading-title elementor-size-default\">Organisation pratique<\/h2>\t\t\t\t<\/div>\n\t\t\t\t<\/div>\n\t\t\t\t<div class=\"elementor-element elementor-element-a7d1fec elementor-widget elementor-widget-text-editor\" data-id=\"a7d1fec\" data-element_type=\"widget\" data-widget_type=\"text-editor.default\">\n\t\t\t\t<div class=\"elementor-widget-container\">\n\t\t\t\t\t\t\t\t\t<p>D\u00e9tails concernant le d\u00e9roulement des sessions, la logistique, et les supports p\u00e9dagogiques. Quelles questions seraient int\u00e9ressantes dans cette cat\u00e9gorie ?<\/p>\t\t\t\t\t\t\t\t<\/div>\n\t\t\t\t<\/div>\n\t\t\t\t\t<\/div>\n\t\t\t\t<\/div>\n\t\t<div class=\"elementor-element elementor-element-eaf93f2 e-flex e-con-boxed e-con e-parent\" data-id=\"eaf93f2\" data-element_type=\"container\">\n\t\t\t\t\t<div class=\"e-con-inner\">\n\t\t\t\t<div class=\"elementor-element elementor-element-d1e712a elementor-widget elementor-widget-n-accordion\" data-id=\"d1e712a\" data-element_type=\"widget\" data-settings=\"{&quot;default_state&quot;:&quot;expanded&quot;,&quot;max_items_expended&quot;:&quot;one&quot;,&quot;n_accordion_animation_duration&quot;:{&quot;unit&quot;:&quot;ms&quot;,&quot;size&quot;:400,&quot;sizes&quot;:[]}}\" data-widget_type=\"nested-accordion.default\">\n\t\t\t\t<div class=\"elementor-widget-container\">\n\t\t\t\t\t\t\t<div class=\"e-n-accordion\" aria-label=\"Accordion. Open links with Enter or Space, close with Escape, and navigate with Arrow Keys\">\n\t\t\t\t\t\t<details id=\"e-n-accordion-item-2200\" class=\"e-n-accordion-item\" open>\n\t\t\t\t<summary class=\"e-n-accordion-item-title\" data-accordion-index=\"1\" tabindex=\"0\" aria-expanded=\"true\" aria-controls=\"e-n-accordion-item-2200\" >\n\t\t\t\t\t<span class='e-n-accordion-item-title-header'><div class=\"e-n-accordion-item-title-text\"> O\u00f9 se d\u00e9roulent vos formations (dans nos locaux, chez OFSIP, en distanciel) ? <\/div><\/span>\n\t\t\t\t\t\t\t<span class='e-n-accordion-item-title-icon'>\n\t\t\t<span class='e-opened' ><svg aria-hidden=\"true\" class=\"e-font-icon-svg e-fas-minus\" viewbox=\"0 0 448 512\" xmlns=\"http:\/\/www.w3.org\/2000\/svg\"><path d=\"M416 208H32c-17.67 0-32 14.33-32 32v32c0 17.67 14.33 32 32 32h384c17.67 0 32-14.33 32-32v-32c0-17.67-14.33-32-32-32z\"><\/path><\/svg><\/span>\n\t\t\t<span class='e-closed'><svg aria-hidden=\"true\" class=\"e-font-icon-svg e-fas-plus\" viewbox=\"0 0 448 512\" xmlns=\"http:\/\/www.w3.org\/2000\/svg\"><path d=\"M416 208H272V64c0-17.67-14.33-32-32-32h-32c-17.67 0-32 14.33-32 32v144H32c-17.67 0-32 14.33-32 32v32c0 17.67 14.33 32 32 32h144v144c0 17.67 14.33 32 32 32h32c17.67 0 32-14.33 32-32V304h144c17.67 0 32-14.33 32-32v-32c0-17.67-14.33-32-32-32z\"><\/path><\/svg><\/span>\n\t\t<\/span>\n\n\t\t\t\t\t\t<\/summary>\n\t\t\t\t<div role=\"region\" aria-labelledby=\"e-n-accordion-item-2200\" class=\"elementor-element elementor-element-33752f9 e-con-full e-flex e-con e-child\" data-id=\"33752f9\" data-element_type=\"container\">\n\t\t\t\t<div class=\"elementor-element elementor-element-50212b8 elementor-widget elementor-widget-text-editor\" data-id=\"50212b8\" data-element_type=\"widget\" data-widget_type=\"text-editor.default\">\n\t\t\t\t<div class=\"elementor-widget-container\">\n\t\t\t\t\t\t\t\t\t<p data-start=\"62\" data-end=\"172\"><strong data-start=\"62\" data-end=\"170\">Nos formations peuvent se d\u00e9rouler selon trois formats, en fonction de la th\u00e9matique et de vos besoins :<\/strong><\/p><ul data-start=\"173\" data-end=\"524\"><li data-start=\"173\" data-end=\"309\"><p data-start=\"175\" data-end=\"309\"><strong data-start=\"175\" data-end=\"194\">Dans vos locaux<\/strong> : directement au sein de votre entreprise, afin d\u2019impliquer vos \u00e9quipes dans leur environnement de travail r\u00e9el.<\/p><\/li><li data-start=\"310\" data-end=\"414\"><p data-start=\"312\" data-end=\"414\"><strong data-start=\"312\" data-end=\"326\">Chez OFSIP<\/strong> : dans nos salles de formation \u00e9quip\u00e9es et adapt\u00e9es aux mises en situation pratiques.<\/p><\/li><li data-start=\"415\" data-end=\"524\"><p data-start=\"417\" data-end=\"524\"><strong data-start=\"417\" data-end=\"431\">\u00c0 distance<\/strong> : en visioconf\u00e9rence interactive ou via des modules en ligne, lorsque le format s\u2019y pr\u00eate.<\/p><\/li><\/ul><p data-start=\"526\" data-end=\"661\">Le choix du format est toujours d\u00e9fini en amont, pour garantir la meilleure efficacit\u00e9 p\u00e9dagogique et la conformit\u00e9 r\u00e9glementaire.<\/p>\t\t\t\t\t\t\t\t<\/div>\n\t\t\t\t<\/div>\n\t\t\t\t<\/div>\n\t\t\t\t\t<\/details>\n\t\t\t\t\t\t<details id=\"e-n-accordion-item-2201\" class=\"e-n-accordion-item\" >\n\t\t\t\t<summary class=\"e-n-accordion-item-title\" data-accordion-index=\"2\" tabindex=\"-1\" aria-expanded=\"false\" aria-controls=\"e-n-accordion-item-2201\" >\n\t\t\t\t\t<span class='e-n-accordion-item-title-header'><div class=\"e-n-accordion-item-title-text\"> Faut-il pr\u00e9voir du mat\u00e9riel sp\u00e9cifique pour la formation (salle, \u00e9quipement, PC, etc.) ? <\/div><\/span>\n\t\t\t\t\t\t\t<span class='e-n-accordion-item-title-icon'>\n\t\t\t<span class='e-opened' ><svg aria-hidden=\"true\" class=\"e-font-icon-svg e-fas-minus\" viewbox=\"0 0 448 512\" xmlns=\"http:\/\/www.w3.org\/2000\/svg\"><path d=\"M416 208H32c-17.67 0-32 14.33-32 32v32c0 17.67 14.33 32 32 32h384c17.67 0 32-14.33 32-32v-32c0-17.67-14.33-32-32-32z\"><\/path><\/svg><\/span>\n\t\t\t<span class='e-closed'><svg aria-hidden=\"true\" class=\"e-font-icon-svg e-fas-plus\" viewbox=\"0 0 448 512\" xmlns=\"http:\/\/www.w3.org\/2000\/svg\"><path d=\"M416 208H272V64c0-17.67-14.33-32-32-32h-32c-17.67 0-32 14.33-32 32v144H32c-17.67 0-32 14.33-32 32v32c0 17.67 14.33 32 32 32h144v144c0 17.67 14.33 32 32 32h32c17.67 0 32-14.33 32-32V304h144c17.67 0 32-14.33 32-32v-32c0-17.67-14.33-32-32-32z\"><\/path><\/svg><\/span>\n\t\t<\/span>\n\n\t\t\t\t\t\t<\/summary>\n\t\t\t\t<div role=\"region\" aria-labelledby=\"e-n-accordion-item-2201\" class=\"elementor-element elementor-element-0739594 e-con-full e-flex e-con e-child\" data-id=\"0739594\" data-element_type=\"container\">\n\t\t\t\t<div class=\"elementor-element elementor-element-63049db elementor-widget elementor-widget-text-editor\" data-id=\"63049db\" data-element_type=\"widget\" data-widget_type=\"text-editor.default\">\n\t\t\t\t<div class=\"elementor-widget-container\">\n\t\t\t\t\t\t\t\t\t<p data-start=\"67\" data-end=\"124\"><strong data-start=\"67\" data-end=\"122\">Le mat\u00e9riel \u00e0 pr\u00e9voir d\u00e9pend du lieu de formation :<\/strong><\/p><ul><li data-start=\"125\" data-end=\"310\"><p data-start=\"127\" data-end=\"310\"><strong data-start=\"127\" data-end=\"146\">Dans vos locaux<\/strong> : il suffit de mettre \u00e0 disposition une salle pouvant accueillir l\u2019ensemble des participants assis, ainsi qu\u2019un petit espace d\u00e9gag\u00e9 pour les exercices pratiques.<\/p><\/li><li data-start=\"313\" data-end=\"478\"><strong data-start=\"313\" data-end=\"327\">Chez OFSIP<\/strong> : vous n\u2019avez rien \u00e0 pr\u00e9voir, nous mettons tout le mat\u00e9riel n\u00e9cessaire \u00e0 disposition.<\/li><\/ul><p data-start=\"313\" data-end=\"478\">\u00a0<\/p><p data-start=\"313\" data-end=\"478\">\u00c0 noter : les repas ne sont pas pris en charge par OFSIP.<\/p>\t\t\t\t\t\t\t\t<\/div>\n\t\t\t\t<\/div>\n\t\t\t\t<\/div>\n\t\t\t\t\t<\/details>\n\t\t\t\t\t\t<details id=\"e-n-accordion-item-2202\" class=\"e-n-accordion-item\" >\n\t\t\t\t<summary class=\"e-n-accordion-item-title\" data-accordion-index=\"3\" tabindex=\"-1\" aria-expanded=\"false\" aria-controls=\"e-n-accordion-item-2202\" >\n\t\t\t\t\t<span class='e-n-accordion-item-title-header'><div class=\"e-n-accordion-item-title-text\"> Les formations comprennent-elles une partie pratique en plus de la th\u00e9orie ? <\/div><\/span>\n\t\t\t\t\t\t\t<span class='e-n-accordion-item-title-icon'>\n\t\t\t<span class='e-opened' ><svg aria-hidden=\"true\" class=\"e-font-icon-svg e-fas-minus\" viewbox=\"0 0 448 512\" xmlns=\"http:\/\/www.w3.org\/2000\/svg\"><path d=\"M416 208H32c-17.67 0-32 14.33-32 32v32c0 17.67 14.33 32 32 32h384c17.67 0 32-14.33 32-32v-32c0-17.67-14.33-32-32-32z\"><\/path><\/svg><\/span>\n\t\t\t<span class='e-closed'><svg aria-hidden=\"true\" class=\"e-font-icon-svg e-fas-plus\" viewbox=\"0 0 448 512\" xmlns=\"http:\/\/www.w3.org\/2000\/svg\"><path d=\"M416 208H272V64c0-17.67-14.33-32-32-32h-32c-17.67 0-32 14.33-32 32v144H32c-17.67 0-32 14.33-32 32v32c0 17.67 14.33 32 32 32h144v144c0 17.67 14.33 32 32 32h32c17.67 0 32-14.33 32-32V304h144c17.67 0 32-14.33 32-32v-32c0-17.67-14.33-32-32-32z\"><\/path><\/svg><\/span>\n\t\t<\/span>\n\n\t\t\t\t\t\t<\/summary>\n\t\t\t\t<div role=\"region\" aria-labelledby=\"e-n-accordion-item-2202\" class=\"elementor-element elementor-element-a17c808 e-con-full e-flex e-con e-child\" data-id=\"a17c808\" data-element_type=\"container\">\n\t\t\t\t<div class=\"elementor-element elementor-element-255d4df elementor-widget elementor-widget-text-editor\" data-id=\"255d4df\" data-element_type=\"widget\" data-widget_type=\"text-editor.default\">\n\t\t\t\t<div class=\"elementor-widget-container\">\n\t\t\t\t\t\t\t\t\t<p><strong data-start=\"69\" data-end=\"77\">Oui.<\/strong><br data-start=\"77\" data-end=\"80\" \/>Nos formations reposent sur un \u00e9quilibre entre th\u00e9orie et mise en pratique. En moyenne, elles sont compos\u00e9es de <strong data-start=\"192\" data-end=\"242\">25 % de th\u00e9orie pour acqu\u00e9rir les fondamentaux<\/strong> et de <strong data-start=\"249\" data-end=\"269\">75 % de pratique <\/strong>(jeux de r\u00f4le, simulation, \u00e9tudes de cas, jeux de r\u00f4les, visites terrain, etc&#8230;)\u00a0afin de garantir une appropriation concr\u00e8te des gestes et comp\u00e9tences.<\/p>\t\t\t\t\t\t\t\t<\/div>\n\t\t\t\t<\/div>\n\t\t\t\t<\/div>\n\t\t\t\t\t<\/details>\n\t\t\t\t\t\t<details id=\"e-n-accordion-item-2203\" class=\"e-n-accordion-item\" >\n\t\t\t\t<summary class=\"e-n-accordion-item-title\" data-accordion-index=\"4\" tabindex=\"-1\" aria-expanded=\"false\" aria-controls=\"e-n-accordion-item-2203\" >\n\t\t\t\t\t<span class='e-n-accordion-item-title-header'><div class=\"e-n-accordion-item-title-text\"> Est-il possible d\u2019organiser les formations en horaires d\u00e9cal\u00e9s (soir, week-end) ? <\/div><\/span>\n\t\t\t\t\t\t\t<span class='e-n-accordion-item-title-icon'>\n\t\t\t<span class='e-opened' ><svg aria-hidden=\"true\" class=\"e-font-icon-svg e-fas-minus\" viewbox=\"0 0 448 512\" xmlns=\"http:\/\/www.w3.org\/2000\/svg\"><path d=\"M416 208H32c-17.67 0-32 14.33-32 32v32c0 17.67 14.33 32 32 32h384c17.67 0 32-14.33 32-32v-32c0-17.67-14.33-32-32-32z\"><\/path><\/svg><\/span>\n\t\t\t<span class='e-closed'><svg aria-hidden=\"true\" class=\"e-font-icon-svg e-fas-plus\" viewbox=\"0 0 448 512\" xmlns=\"http:\/\/www.w3.org\/2000\/svg\"><path d=\"M416 208H272V64c0-17.67-14.33-32-32-32h-32c-17.67 0-32 14.33-32 32v144H32c-17.67 0-32 14.33-32 32v32c0 17.67 14.33 32 32 32h144v144c0 17.67 14.33 32 32 32h32c17.67 0 32-14.33 32-32V304h144c17.67 0 32-14.33 32-32v-32c0-17.67-14.33-32-32-32z\"><\/path><\/svg><\/span>\n\t\t<\/span>\n\n\t\t\t\t\t\t<\/summary>\n\t\t\t\t<div role=\"region\" aria-labelledby=\"e-n-accordion-item-2203\" class=\"elementor-element elementor-element-0271192 e-flex e-con-boxed e-con e-child\" data-id=\"0271192\" data-element_type=\"container\">\n\t\t\t\t\t<div class=\"e-con-inner\">\n\t\t\t\t<div class=\"elementor-element elementor-element-9661513 elementor-widget elementor-widget-text-editor\" data-id=\"9661513\" data-element_type=\"widget\" data-widget_type=\"text-editor.default\">\n\t\t\t\t<div class=\"elementor-widget-container\">\n\t\t\t\t\t\t\t\t\t<p><strong data-start=\"58\" data-end=\"66\">Oui.<\/strong><br data-start=\"66\" data-end=\"69\" \/>Nous pouvons organiser nos formations en horaires d\u00e9cal\u00e9s (soir ou week-end) afin de nous adapter aux imp\u00e9ratifs li\u00e9s \u00e0 l\u2019activit\u00e9 de votre entreprise et \u00e0 la disponibilit\u00e9 de vos \u00e9quipes.<\/p>\t\t\t\t\t\t\t\t<\/div>\n\t\t\t\t<\/div>\n\t\t\t\t\t<\/div>\n\t\t\t\t<\/div>\n\t\t\t\t\t<\/details>\n\t\t\t\t\t\t<details id=\"e-n-accordion-item-2204\" class=\"e-n-accordion-item\" >\n\t\t\t\t<summary class=\"e-n-accordion-item-title\" data-accordion-index=\"5\" tabindex=\"-1\" aria-expanded=\"false\" aria-controls=\"e-n-accordion-item-2204\" >\n\t\t\t\t\t<span class='e-n-accordion-item-title-header'><div class=\"e-n-accordion-item-title-text\"> Pourquoi choisir OFSIP pour la formation de vos collaborateurs ? <\/div><\/span>\n\t\t\t\t\t\t\t<span class='e-n-accordion-item-title-icon'>\n\t\t\t<span class='e-opened' ><svg aria-hidden=\"true\" class=\"e-font-icon-svg e-fas-minus\" viewbox=\"0 0 448 512\" xmlns=\"http:\/\/www.w3.org\/2000\/svg\"><path d=\"M416 208H32c-17.67 0-32 14.33-32 32v32c0 17.67 14.33 32 32 32h384c17.67 0 32-14.33 32-32v-32c0-17.67-14.33-32-32-32z\"><\/path><\/svg><\/span>\n\t\t\t<span class='e-closed'><svg aria-hidden=\"true\" class=\"e-font-icon-svg e-fas-plus\" viewbox=\"0 0 448 512\" xmlns=\"http:\/\/www.w3.org\/2000\/svg\"><path d=\"M416 208H272V64c0-17.67-14.33-32-32-32h-32c-17.67 0-32 14.33-32 32v144H32c-17.67 0-32 14.33-32 32v32c0 17.67 14.33 32 32 32h144v144c0 17.67 14.33 32 32 32h32c17.67 0 32-14.33 32-32V304h144c17.67 0 32-14.33 32-32v-32c0-17.67-14.33-32-32-32z\"><\/path><\/svg><\/span>\n\t\t<\/span>\n\n\t\t\t\t\t\t<\/summary>\n\t\t\t\t<div role=\"region\" aria-labelledby=\"e-n-accordion-item-2204\" class=\"elementor-element elementor-element-ac1b4aa e-flex e-con-boxed e-con e-child\" data-id=\"ac1b4aa\" data-element_type=\"container\">\n\t\t\t\t\t<div class=\"e-con-inner\">\n\t\t\t\t<div class=\"elementor-element elementor-element-1e7152b elementor-widget elementor-widget-text-editor\" data-id=\"1e7152b\" data-element_type=\"widget\" data-widget_type=\"text-editor.default\">\n\t\t\t\t<div class=\"elementor-widget-container\">\n\t\t\t\t\t\t\t\t\t<p><strong data-start=\"81\" data-end=\"171\">Choisir OFSIP, c\u2019est opter pour une formation \u00e0 la fois s\u00e9rieuse, efficace et humaine.<\/strong><\/p><p><br data-start=\"171\" data-end=\"174\" \/>Nos programmes s\u2019appuient sur une v\u00e9ritable expertise p\u00e9dagogique et andragogique, avec des formateurs exp\u00e9riment\u00e9s et passionn\u00e9s. Nous privil\u00e9gions la mise en pratique, qui repr\u00e9sente l\u2019essentiel de nos sessions, afin que chaque participant reparte avec des comp\u00e9tences r\u00e9ellement utilisables.<\/p><p><br data-start=\"468\" data-end=\"471\" \/>Au-del\u00e0 de la technique, notre force r\u00e9side aussi dans le <strong data-start=\"529\" data-end=\"555\">plaisir de transmettre<\/strong> et d\u2019impliquer les apprenants, pour transformer la formation en une exp\u00e9rience concr\u00e8te, vivante et motivante.<\/p>\t\t\t\t\t\t\t\t<\/div>\n\t\t\t\t<\/div>\n\t\t\t\t\t<\/div>\n\t\t\t\t<\/div>\n\t\t\t\t\t<\/details>\n\t\t\t\t\t<\/div>\n\t\t\t\t\t\t<\/div>\n\t\t\t\t<\/div>\n\t\t\t\t\t<\/div>\n\t\t\t\t<\/div>\n\t\t\t\t<\/div>","protected":false},"excerpt":{"rendered":"<p>Formation Toutes les questions li\u00e9es \u00e0 nos formations (contenu, dur\u00e9e, certification, modalit\u00e9s). Quelle est la dur\u00e9e de vos formations en sant\u00e9 et s\u00e9curit\u00e9 au travail ? Tout d\u00e9pend de la formation choisis. Certaines formations sont certifiantes par les autorit\u00e9s comp\u00e9tentes et les dur\u00e9es sont d\u00e9finies par eux-m\u00eame. D&#8217;autres formations sont le produit d&#8217;OFSIP et dur\u00e9es [&hellip;]<\/p>","protected":false},"author":1,"featured_media":2718,"parent":0,"menu_order":0,"comment_status":"closed","ping_status":"closed","template":"","meta":{"footnotes":""},"class_list":["post-2694","page","type-page","status-publish","has-post-thumbnail","hentry"],"yoast_head":"<!-- This site is optimized with the Yoast SEO plugin v25.4 - https:\/\/yoast.com\/wordpress\/plugins\/seo\/ -->\n<title>- OFSIP<\/title>\n<meta name=\"robots\" content=\"index, follow, max-snippet:-1, max-image-preview:large, max-video-preview:-1\" \/>\n<link rel=\"canonical\" href=\"https:\/\/ofsip.lu\/en\/foire-aux-questions\/\" \/>\n<meta property=\"og:locale\" content=\"en_GB\" \/>\n<meta property=\"og:type\" content=\"article\" \/>\n<meta property=\"og:title\" content=\"- OFSIP\" \/>\n<meta property=\"og:description\" content=\"Formation Toutes les questions li\u00e9es \u00e0 nos formations (contenu, dur\u00e9e, certification, modalit\u00e9s). Quelle est la dur\u00e9e de vos formations en sant\u00e9 et s\u00e9curit\u00e9 au travail ? Tout d\u00e9pend de la formation choisis. Certaines formations sont certifiantes par les autorit\u00e9s comp\u00e9tentes et les dur\u00e9es sont d\u00e9finies par eux-m\u00eame. D&#8217;autres formations sont le produit d&#8217;OFSIP et dur\u00e9es [&hellip;]\" \/>\n<meta property=\"og:url\" content=\"https:\/\/ofsip.lu\/en\/foire-aux-questions\/\" \/>\n<meta property=\"og:site_name\" content=\"OFSIP\" \/>\n<meta property=\"article:modified_time\" content=\"2025-08-18T18:59:35+00:00\" \/>\n<meta property=\"og:image\" content=\"https:\/\/ofsip.lu\/wp-content\/uploads\/2025\/08\/FAQ.png\" \/>\n\t<meta property=\"og:image:width\" content=\"2245\" \/>\n\t<meta property=\"og:image:height\" content=\"1587\" \/>\n\t<meta property=\"og:image:type\" content=\"image\/png\" \/>\n<meta name=\"twitter:card\" content=\"summary_large_image\" \/>\n<meta name=\"twitter:label1\" content=\"Estimated reading time\" \/>\n\t<meta name=\"twitter:data1\" content=\"15 minutes\" \/>\n<script type=\"application\/ld+json\" class=\"yoast-schema-graph\">{\"@context\":\"https:\/\/schema.org\",\"@graph\":[{\"@type\":\"WebPage\",\"@id\":\"https:\/\/ofsip.lu\/foire-aux-questions\/\",\"url\":\"https:\/\/ofsip.lu\/foire-aux-questions\/\",\"name\":\"- OFSIP\",\"isPartOf\":{\"@id\":\"https:\/\/ofsip.lu\/#website\"},\"primaryImageOfPage\":{\"@id\":\"https:\/\/ofsip.lu\/foire-aux-questions\/#primaryimage\"},\"image\":{\"@id\":\"https:\/\/ofsip.lu\/foire-aux-questions\/#primaryimage\"},\"thumbnailUrl\":\"https:\/\/ofsip.lu\/wp-content\/uploads\/2025\/08\/FAQ.png\",\"datePublished\":\"2025-08-18T16:24:28+00:00\",\"dateModified\":\"2025-08-18T18:59:35+00:00\",\"inLanguage\":\"en-GB\",\"potentialAction\":[{\"@type\":\"ReadAction\",\"target\":[\"https:\/\/ofsip.lu\/foire-aux-questions\/\"]}]},{\"@type\":\"ImageObject\",\"inLanguage\":\"en-GB\",\"@id\":\"https:\/\/ofsip.lu\/foire-aux-questions\/#primaryimage\",\"url\":\"https:\/\/ofsip.lu\/wp-content\/uploads\/2025\/08\/FAQ.png\",\"contentUrl\":\"https:\/\/ofsip.lu\/wp-content\/uploads\/2025\/08\/FAQ.png\",\"width\":2245,\"height\":1587},{\"@type\":\"WebSite\",\"@id\":\"https:\/\/ofsip.lu\/#website\",\"url\":\"https:\/\/ofsip.lu\/\",\"name\":\"OFSIP\",\"description\":\"S\u00e9curiser l&#039;humain, renforcer l&#039;entreprise\",\"publisher\":{\"@id\":\"https:\/\/ofsip.lu\/#organization\"},\"potentialAction\":[{\"@type\":\"SearchAction\",\"target\":{\"@type\":\"EntryPoint\",\"urlTemplate\":\"https:\/\/ofsip.lu\/?s={search_term_string}\"},\"query-input\":{\"@type\":\"PropertyValueSpecification\",\"valueRequired\":true,\"valueName\":\"search_term_string\"}}],\"inLanguage\":\"en-GB\"},{\"@type\":\"Organization\",\"@id\":\"https:\/\/ofsip.lu\/#organization\",\"name\":\"OFSIP\",\"url\":\"https:\/\/ofsip.lu\/\",\"logo\":{\"@type\":\"ImageObject\",\"inLanguage\":\"en-GB\",\"@id\":\"https:\/\/ofsip.lu\/#\/schema\/logo\/image\/\",\"url\":\"https:\/\/ofsip.lu\/wp-content\/uploads\/2025\/07\/Logo-OFSIP-Color-sans-detail.png\",\"contentUrl\":\"https:\/\/ofsip.lu\/wp-content\/uploads\/2025\/07\/Logo-OFSIP-Color-sans-detail.png\",\"width\":486,\"height\":460,\"caption\":\"OFSIP\"},\"image\":{\"@id\":\"https:\/\/ofsip.lu\/#\/schema\/logo\/image\/\"}}]}<\/script>\n<!-- \/ Yoast SEO plugin. -->","yoast_head_json":{"title":"- OFSIP","robots":{"index":"index","follow":"follow","max-snippet":"max-snippet:-1","max-image-preview":"max-image-preview:large","max-video-preview":"max-video-preview:-1"},"canonical":"https:\/\/ofsip.lu\/en\/foire-aux-questions\/","og_locale":"en_GB","og_type":"article","og_title":"- OFSIP","og_description":"Formation Toutes les questions li\u00e9es \u00e0 nos formations (contenu, dur\u00e9e, certification, modalit\u00e9s). Quelle est la dur\u00e9e de vos formations en sant\u00e9 et s\u00e9curit\u00e9 au travail ? Tout d\u00e9pend de la formation choisis. Certaines formations sont certifiantes par les autorit\u00e9s comp\u00e9tentes et les dur\u00e9es sont d\u00e9finies par eux-m\u00eame. D&#8217;autres formations sont le produit d&#8217;OFSIP et dur\u00e9es [&hellip;]","og_url":"https:\/\/ofsip.lu\/en\/foire-aux-questions\/","og_site_name":"OFSIP","article_modified_time":"2025-08-18T18:59:35+00:00","og_image":[{"width":2245,"height":1587,"url":"https:\/\/ofsip.lu\/wp-content\/uploads\/2025\/08\/FAQ.png","type":"image\/png"}],"twitter_card":"summary_large_image","twitter_misc":{"Estimated reading time":"15 minutes"},"schema":{"@context":"https:\/\/schema.org","@graph":[{"@type":"WebPage","@id":"https:\/\/ofsip.lu\/foire-aux-questions\/","url":"https:\/\/ofsip.lu\/foire-aux-questions\/","name":"- OFSIP","isPartOf":{"@id":"https:\/\/ofsip.lu\/#website"},"primaryImageOfPage":{"@id":"https:\/\/ofsip.lu\/foire-aux-questions\/#primaryimage"},"image":{"@id":"https:\/\/ofsip.lu\/foire-aux-questions\/#primaryimage"},"thumbnailUrl":"https:\/\/ofsip.lu\/wp-content\/uploads\/2025\/08\/FAQ.png","datePublished":"2025-08-18T16:24:28+00:00","dateModified":"2025-08-18T18:59:35+00:00","inLanguage":"en-GB","potentialAction":[{"@type":"ReadAction","target":["https:\/\/ofsip.lu\/foire-aux-questions\/"]}]},{"@type":"ImageObject","inLanguage":"en-GB","@id":"https:\/\/ofsip.lu\/foire-aux-questions\/#primaryimage","url":"https:\/\/ofsip.lu\/wp-content\/uploads\/2025\/08\/FAQ.png","contentUrl":"https:\/\/ofsip.lu\/wp-content\/uploads\/2025\/08\/FAQ.png","width":2245,"height":1587},{"@type":"WebSite","@id":"https:\/\/ofsip.lu\/#website","url":"https:\/\/ofsip.lu\/","name":"OFSIP","description":"S\u00e9curiser l&#039;humain, renforcer l&#039;entreprise","publisher":{"@id":"https:\/\/ofsip.lu\/#organization"},"potentialAction":[{"@type":"SearchAction","target":{"@type":"EntryPoint","urlTemplate":"https:\/\/ofsip.lu\/?s={search_term_string}"},"query-input":{"@type":"PropertyValueSpecification","valueRequired":true,"valueName":"search_term_string"}}],"inLanguage":"en-GB"},{"@type":"Organization","@id":"https:\/\/ofsip.lu\/#organization","name":"OFSIP","url":"https:\/\/ofsip.lu\/","logo":{"@type":"ImageObject","inLanguage":"en-GB","@id":"https:\/\/ofsip.lu\/#\/schema\/logo\/image\/","url":"https:\/\/ofsip.lu\/wp-content\/uploads\/2025\/07\/Logo-OFSIP-Color-sans-detail.png","contentUrl":"https:\/\/ofsip.lu\/wp-content\/uploads\/2025\/07\/Logo-OFSIP-Color-sans-detail.png","width":486,"height":460,"caption":"OFSIP"},"image":{"@id":"https:\/\/ofsip.lu\/#\/schema\/logo\/image\/"}}]}},"jetpack_sharing_enabled":true,"_links":{"self":[{"href":"https:\/\/ofsip.lu\/en\/wp-json\/wp\/v2\/pages\/2694","targetHints":{"allow":["GET"]}}],"collection":[{"href":"https:\/\/ofsip.lu\/en\/wp-json\/wp\/v2\/pages"}],"about":[{"href":"https:\/\/ofsip.lu\/en\/wp-json\/wp\/v2\/types\/page"}],"author":[{"embeddable":true,"href":"https:\/\/ofsip.lu\/en\/wp-json\/wp\/v2\/users\/1"}],"replies":[{"embeddable":true,"href":"https:\/\/ofsip.lu\/en\/wp-json\/wp\/v2\/comments?post=2694"}],"version-history":[{"count":11,"href":"https:\/\/ofsip.lu\/en\/wp-json\/wp\/v2\/pages\/2694\/revisions"}],"predecessor-version":[{"id":2722,"href":"https:\/\/ofsip.lu\/en\/wp-json\/wp\/v2\/pages\/2694\/revisions\/2722"}],"wp:featuredmedia":[{"embeddable":true,"href":"https:\/\/ofsip.lu\/en\/wp-json\/wp\/v2\/media\/2718"}],"wp:attachment":[{"href":"https:\/\/ofsip.lu\/en\/wp-json\/wp\/v2\/media?parent=2694"}],"curies":[{"name":"wp","href":"https:\/\/api.w.org\/{rel}","templated":true}]}}